{"id":32,"date":"2020-04-25T15:06:44","date_gmt":"2020-04-25T13:06:44","guid":{"rendered":"http:\/\/dev.rats8961.odns.fr\/?page_id=32"},"modified":"2021-04-16T16:39:41","modified_gmt":"2021-04-16T14:39:41","slug":"responsables","status":"publish","type":"page","link":"https:\/\/fpma-vincennes.fr\/index.php\/responsables\/","title":{"rendered":"Archives"},"content":{"rendered":"<p>Vous trouverez ci-dessous l&rsquo;archive de tous les articles publi\u00e9s :<\/p>\n<div class=\"sya_container\" id=\"sya_container\"><a id=\"year2026\"><\/a>2026<ul><li class=\"\"><div class=\"sya_postcontent\"><span class=\"sya_date\">vendredi, avril 24 <span class=\"sya_sep\"> <\/span><\/span><a href=\"https:\/\/fpma-vincennes.fr\/index.php\/2026\/04\/24\/lectures-du-10-05-2026\/\" class=\"sya_postlink post-4047\" rel=\"bookmark\">Lectures du 10\/05\/2026<\/a> <span class=\"sya_author\">(par fpmavincennes)<\/span><\/div><\/li><li class=\"\"><div class=\"sya_postcontent\"><span class=\"sya_date\">vendredi, avril 24 <span class=\"sya_sep\"> <\/span><\/span><a href=\"https:\/\/fpma-vincennes.fr\/index.php\/2026\/04\/24\/lectures-du-03-05-2026\/\" class=\"sya_postlink post-4045\" rel=\"bookmark\">Lectures du 03\/05\/2026<\/a> <span class=\"sya_author\">(par fpmavincennes)<\/span><\/div><\/li><li class=\"\"><div class=\"sya_postcontent\"><span class=\"sya_date\">vendredi, avril 24 <span class=\"sya_sep\"> <\/span><\/span><a href=\"https:\/\/fpma-vincennes.fr\/index.php\/2026\/04\/24\/lectures-du-26-04-2026\/\" class=\"sya_postlink post-4041\" rel=\"bookmark\">Lectures du 26\/04\/2026<\/a> <span class=\"sya_author\">(par fpmavincennes)<\/span><\/div><\/li><li class=\"\"><div class=\"sya_postcontent\"><span class=\"sya_date\">samedi, avril 18 <span class=\"sya_sep\"> <\/span><\/span><a href=\"https:\/\/fpma-vincennes.fr\/index.php\/2026\/04\/18\/alim-bavaka-25-04-2026\/\" class=\"sya_postlink post-4033\" rel=\"bookmark\">Alim-bavaka 25\/04\/2026<\/a> <span class=\"sya_author\">(par fpmavincennes)<\/span><\/div><\/li><li class=\"\"><div class=\"sya_postcontent\"><span class=\"sya_date\">samedi, avril 18 <span class=\"sya_sep\"> <\/span><\/span><a href=\"https:\/\/fpma-vincennes.fr\/index.php\/2026\/04\/18\/etude-biblique-25-04-2026\/\" class=\"sya_postlink post-4029\" rel=\"bookmark\">Etude biblique 25\/04\/2026<\/a> <span class=\"sya_author\">(par fpmavincennes)<\/span><\/div><\/li><li class=\"\"><div class=\"sya_postcontent\"><span class=\"sya_date\">samedi, avril 18 <span class=\"sya_sep\"> <\/span><\/span><a href=\"https:\/\/fpma-vincennes.fr\/index.php\/2026\/04\/18\/lectures-du-19-04-2026\/\" class=\"sya_postlink post-4023\" rel=\"bookmark\">Lectures du 19\/04\/2026<\/a> <span class=\"sya_author\">(par fpmavincennes)<\/span><\/div><\/li><li class=\"\"><div class=\"sya_postcontent\"><span class=\"sya_date\">vendredi, mars 20 <span class=\"sya_sep\"> <\/span><\/span><a href=\"https:\/\/fpma-vincennes.fr\/index.php\/2026\/03\/20\/jeune-et-priere-22-03-2026\/\" class=\"sya_postlink post-3990\" rel=\"bookmark\">Je\u00fbne et pri\u00e8re 22\/03\/2026<\/a> <span class=\"sya_author\">(par fpmavincennes)<\/span><\/div><\/li><li class=\"\"><div class=\"sya_postcontent\"><span class=\"sya_date\">samedi, mars 14 <span class=\"sya_sep\"> <\/span><\/span><a href=\"https:\/\/fpma-vincennes.fr\/index.php\/2026\/03\/14\/etude-biblique-28-03-2026\/\" class=\"sya_postlink post-3985\" rel=\"bookmark\">Etude biblique 28\/03\/2026<\/a> <span class=\"sya_author\">(par fpmavincennes)<\/span><\/div><\/li><li class=\"\"><div class=\"sya_postcontent\"><span class=\"sya_date\">samedi, mars 14 <span class=\"sya_sep\"> <\/span><\/span><a href=\"https:\/\/fpma-vincennes.fr\/index.php\/2026\/03\/14\/alim-bavaka-28-03-2026\/\" class=\"sya_postlink post-3982\" rel=\"bookmark\">Alim-bavaka 28\/03\/2026<\/a> <span class=\"sya_author\">(par fpmavincennes)<\/span><\/div><\/li><li class=\"\"><div class=\"sya_postcontent\"><span class=\"sya_date\">vendredi, f\u00e9vrier 20 <span class=\"sya_sep\"> <\/span><\/span><a href=\"https:\/\/fpma-vincennes.fr\/index.php\/2026\/02\/20\/toriteny-an-kira\/\" class=\"sya_postlink post-3962\" rel=\"bookmark\">TORITENY AN-KIRA<\/a> <span class=\"sya_author\">(par fpmavincennes)<\/span><\/div><\/li><li class=\"\"><div class=\"sya_postcontent\"><span class=\"sya_date\">vendredi, f\u00e9vrier 20 <span class=\"sya_sep\"> <\/span><\/span><a href=\"https:\/\/fpma-vincennes.fr\/index.php\/2026\/02\/20\/fanateram-bokatra-voalohany-2026\/\" class=\"sya_postlink post-3959\" rel=\"bookmark\">FANATERAM-BOKATRA VOALOHANY 2026<\/a> <span class=\"sya_author\">(par fpmavincennes)<\/span><\/div><\/li><li class=\"\"><div class=\"sya_postcontent\"><span class=\"sya_date\">samedi, f\u00e9vrier 14 <span class=\"sya_sep\"> <\/span><\/span><a href=\"https:\/\/fpma-vincennes.fr\/index.php\/2026\/02\/14\/lectures-du-29-03-2026\/\" class=\"sya_postlink post-3950\" rel=\"bookmark\">Lectures du 29\/03\/2026<\/a> <span class=\"sya_author\">(par fpmavincennes)<\/span><\/div><\/li><li class=\"\"><div class=\"sya_postcontent\"><span class=\"sya_date\">samedi, f\u00e9vrier 14 <span class=\"sya_sep\"> <\/span><\/span><a href=\"https:\/\/fpma-vincennes.fr\/index.php\/2026\/02\/14\/lectures-du-22-03-2026\/\" class=\"sya_postlink post-3948\" rel=\"bookmark\">Lectures du 22\/03\/2026<\/a> <span class=\"sya_author\">(par fpmavincennes)<\/span><\/div><\/li><li class=\"\"><div class=\"sya_postcontent\"><span class=\"sya_date\">samedi, f\u00e9vrier 14 <span class=\"sya_sep\"> <\/span><\/span><a href=\"https:\/\/fpma-vincennes.fr\/index.php\/2026\/02\/14\/lectures-du-15-03-2026\/\" class=\"sya_postlink post-3946\" rel=\"bookmark\">Lectures du 15\/03\/2026<\/a> <span class=\"sya_author\">(par fpmavincennes)<\/span><\/div><\/li><li class=\"\"><div class=\"sya_postcontent\"><span class=\"sya_date\">samedi, f\u00e9vrier 14 <span class=\"sya_sep\"> <\/span><\/span><a href=\"https:\/\/fpma-vincennes.fr\/index.php\/2026\/02\/14\/lectures-du-08-03-2026\/\" class=\"sya_postlink post-3944\" rel=\"bookmark\">Lectures du 08\/03\/2026<\/a> <span class=\"sya_author\">(par fpmavincennes)<\/span><\/div><\/li><li class=\"\"><div class=\"sya_postcontent\"><span class=\"sya_date\">samedi, f\u00e9vrier 14 <span class=\"sya_sep\"> <\/span><\/span><a href=\"https:\/\/fpma-vincennes.fr\/index.php\/2026\/02\/14\/lectures-du-01-03-2026\/\" class=\"sya_postlink post-3942\" rel=\"bookmark\">Lectures du 01\/03\/2026<\/a> <span class=\"sya_author\">(par fpmavincennes)<\/span><\/div><\/li><li class=\"\"><div class=\"sya_postcontent\"><span class=\"sya_date\">samedi, f\u00e9vrier 14 <span class=\"sya_sep\"> <\/span><\/span><a href=\"https:\/\/fpma-vincennes.fr\/index.php\/2026\/02\/14\/repenser-la-fpma-28-02-2026\/\" class=\"sya_postlink post-3936\" rel=\"bookmark\">REPENSER LA FPMA 28\/02\/2026<\/a> <span class=\"sya_author\">(par fpmavincennes)<\/span><\/div><\/li><li class=\"\"><div class=\"sya_postcontent\"><span class=\"sya_date\">samedi, f\u00e9vrier 14 <span class=\"sya_sep\"> <\/span><\/span><a href=\"https:\/\/fpma-vincennes.fr\/index.php\/2026\/02\/14\/alim-bavaka-21-02-2026\/\" class=\"sya_postlink post-3934\" rel=\"bookmark\">Alim-bavaka 21\/02\/2026<\/a> <span class=\"sya_author\">(par fpmavincennes)<\/span><\/div><\/li><li class=\"\"><div class=\"sya_postcontent\"><span class=\"sya_date\">samedi, f\u00e9vrier 14 <span class=\"sya_sep\"> <\/span><\/span><a href=\"https:\/\/fpma-vincennes.fr\/index.php\/2026\/02\/14\/etude-biblique-21-02-2026\/\" class=\"sya_postlink post-3932\" rel=\"bookmark\">Etude biblique 21\/02\/2026<\/a> <span class=\"sya_author\">(par fpmavincennes)<\/span><\/div><\/li><li class=\"\"><div class=\"sya_postcontent\"><span class=\"sya_date\">vendredi, janvier 30 <span class=\"sya_sep\"> <\/span><\/span><a href=\"https:\/\/fpma-vincennes.fr\/index.php\/2026\/01\/30\/lectures-du-22-02-2026\/\" class=\"sya_postlink post-3920\" rel=\"bookmark\">Lectures du 22\/02\/2026<\/a> <span class=\"sya_author\">(par fpmavincennes)<\/span><\/div><\/li><li class=\"\"><div class=\"sya_postcontent\"><span class=\"sya_date\">vendredi, janvier 30 <span class=\"sya_sep\"> <\/span><\/span><a href=\"https:\/\/fpma-vincennes.fr\/index.php\/2026\/01\/30\/lectures-du-15-02-2026\/\" class=\"sya_postlink post-3918\" rel=\"bookmark\">Lectures du 15\/02\/2026<\/a> <span class=\"sya_author\">(par fpmavincennes)<\/span><\/div><\/li><li class=\"\"><div class=\"sya_postcontent\"><span class=\"sya_date\">vendredi, janvier 30 <span class=\"sya_sep\"> <\/span><\/span><a href=\"https:\/\/fpma-vincennes.fr\/index.php\/2026\/01\/30\/lectures-du-08-02-2026\/\" class=\"sya_postlink post-3916\" rel=\"bookmark\">Lectures du 08\/02\/2026<\/a> <span class=\"sya_author\">(par fpmavincennes)<\/span><\/div><\/li><li class=\"\"><div class=\"sya_postcontent\"><span class=\"sya_date\">vendredi, janvier 30 <span class=\"sya_sep\"> <\/span><\/span><a href=\"https:\/\/fpma-vincennes.fr\/index.php\/2026\/01\/30\/lectures-du-01-02-2026\/\" class=\"sya_postlink post-3909\" rel=\"bookmark\">Lectures du 01\/02\/2026<\/a> <span class=\"sya_author\">(par fpmavincennes)<\/span><\/div><\/li><li class=\"\"><div class=\"sya_postcontent\"><span class=\"sya_date\">mercredi, janvier 28 <span class=\"sya_sep\"> <\/span><\/span><a href=\"https:\/\/fpma-vincennes.fr\/index.php\/2026\/01\/28\/culte-ssa-08-02-2026\/\" class=\"sya_postlink post-3895\" rel=\"bookmark\">CULTE SSA 08\/02\/2026<\/a> <span class=\"sya_author\">(par Secr\u00e9taire SA Sekoly Alahady)<\/span><\/div><\/li><li class=\"\"><div class=\"sya_postcontent\"><span class=\"sya_date\">samedi, janvier 24 <span class=\"sya_sep\"> <\/span><\/span><a href=\"https:\/\/fpma-vincennes.fr\/index.php\/2026\/01\/24\/sakafo-agape-fifampiarahabana-taona-vaovao-2026\/\" class=\"sya_postlink post-3886\" rel=\"bookmark\">SAKAFO AGAPE FIFAMPIARAHABANA TAONA VAOVAO 2026<\/a> <span class=\"sya_author\">(par fpmavincennes)<\/span><\/div><\/li><li class=\"\"><div class=\"sya_postcontent\"><span class=\"sya_date\">samedi, janvier 24 <span class=\"sya_sep\"> <\/span><\/span><a href=\"https:\/\/fpma-vincennes.fr\/index.php\/2026\/01\/24\/etude-biblique-sy-alim-bavaka-24-01-2026-a-17h\/\" class=\"sya_postlink post-3882\" rel=\"bookmark\">Etude biblique sy alim-bavaka 24\/01\/2026 \u00e0 17h<\/a> <span class=\"sya_author\">(par fpmavincennes)<\/span><\/div><\/li><li class=\"\"><div class=\"sya_postcontent\"><span class=\"sya_date\">samedi, janvier 24 <span class=\"sya_sep\"> <\/span><\/span><a href=\"https:\/\/fpma-vincennes.fr\/index.php\/2026\/01\/24\/lectures-du-25-01-2026\/\" class=\"sya_postlink post-3876\" rel=\"bookmark\">Lectures du 25\/01\/2026<\/a> <span class=\"sya_author\">(par fpmavincennes)<\/span><\/div><\/li><li class=\"\"><div class=\"sya_postcontent\"><span class=\"sya_date\">vendredi, janvier 16 <span class=\"sya_sep\"> <\/span><\/span><a href=\"https:\/\/fpma-vincennes.fr\/index.php\/2026\/01\/16\/lectures-du-18-01-2026\/\" class=\"sya_postlink post-3869\" rel=\"bookmark\">Lectures du 18\/01\/2026<\/a> <span class=\"sya_author\">(par fpmavincennes)<\/span><\/div><\/li><li class=\"\"><div class=\"sya_postcontent\"><span class=\"sya_date\">samedi, janvier 10 <span class=\"sya_sep\"> <\/span><\/span><a href=\"https:\/\/fpma-vincennes.fr\/index.php\/2026\/01\/10\/fanasana-fotoam-pivavahana-ffkm-frantsa\/\" class=\"sya_postlink post-3853\" rel=\"bookmark\">FANASANA FOTOAM-PIVAVAHANA FFKM-FRANTSA<\/a> <span class=\"sya_author\">(par fpmavincennes)<\/span><\/div><\/li><li class=\"\"><div class=\"sya_postcontent\"><span class=\"sya_date\">samedi, janvier 10 <span class=\"sya_sep\"> <\/span><\/span><a href=\"https:\/\/fpma-vincennes.fr\/index.php\/2026\/01\/10\/lectures-du-11-01-2026\/\" class=\"sya_postlink post-3851\" rel=\"bookmark\">Lectures du 11\/01\/2026<\/a> <span class=\"sya_author\">(par fpmavincennes)<\/span><\/div><\/li><li class=\"\"><div class=\"sya_postcontent\"><span class=\"sya_date\">samedi, janvier 3 <span class=\"sya_sep\"> <\/span><\/span><a href=\"https:\/\/fpma-vincennes.fr\/index.php\/2026\/01\/03\/concert-de-levee-de-fond\/\" class=\"sya_postlink post-3843\" rel=\"bookmark\">Concert de lev\u00e9e de fonds<\/a> <span class=\"sya_author\">(par fpmavincennes)<\/span><\/div><\/li><li class=\"\"><div class=\"sya_postcontent\"><span class=\"sya_date\">samedi, janvier 3 <span class=\"sya_sep\"> <\/span><\/span><a href=\"https:\/\/fpma-vincennes.fr\/index.php\/2026\/01\/03\/jeune-et-priere-11-01-2026\/\" class=\"sya_postlink post-3839\" rel=\"bookmark\">Je\u00fbne et pri\u00e8re 11\/01\/2026<\/a> <span class=\"sya_author\">(par fpmavincennes)<\/span><\/div><\/li><li class=\"\"><div class=\"sya_postcontent\"><span class=\"sya_date\">samedi, janvier 3 <span class=\"sya_sep\"> <\/span><\/span><a href=\"https:\/\/fpma-vincennes.fr\/index.php\/2026\/01\/03\/assemblee-generale-25-01-2026\/\" class=\"sya_postlink post-3835\" rel=\"bookmark\">Assembl\u00e9e G\u00e9n\u00e9rale 25\/01\/2026<\/a> <span class=\"sya_author\">(par fpmavincennes)<\/span><\/div><\/li><li class=\"\"><div class=\"sya_postcontent\"><span class=\"sya_date\">samedi, janvier 3 <span class=\"sya_sep\"> <\/span><\/span><a href=\"https:\/\/fpma-vincennes.fr\/index.php\/2026\/01\/03\/lectures-du-04-01-2026\/\" class=\"sya_postlink post-3828\" rel=\"bookmark\">Lectures du 04\/01\/2026<\/a> <span class=\"sya_author\">(par fpmavincennes)<\/span><\/div><\/li><\/ul><a id=\"year2025\"><\/a>2025<ul><li class=\"\"><div class=\"sya_postcontent\"><span class=\"sya_date\">mardi, d\u00e9cembre 23 <span class=\"sya_sep\"> <\/span><\/span><a href=\"https:\/\/fpma-vincennes.fr\/index.php\/2025\/12\/23\/krismasy-25-12-2025\/\" class=\"sya_postlink post-3818\" rel=\"bookmark\">KRISMASY 25\/12\/2025<\/a> <span class=\"sya_author\">(par fpmavincennes)<\/span><\/div><\/li><li class=\"\"><div class=\"sya_postcontent\"><span class=\"sya_date\">vendredi, d\u00e9cembre 19 <span class=\"sya_sep\"> <\/span><\/span><a href=\"https:\/\/fpma-vincennes.fr\/index.php\/2025\/12\/19\/alim-bavaka-27-12-2025\/\" class=\"sya_postlink post-3812\" rel=\"bookmark\">Alim-bavaka 27\/12\/2025<\/a> <span class=\"sya_author\">(par fpmavincennes)<\/span><\/div><\/li><li class=\"\"><div class=\"sya_postcontent\"><span class=\"sya_date\">vendredi, d\u00e9cembre 19 <span class=\"sya_sep\"> <\/span><\/span><a href=\"https:\/\/fpma-vincennes.fr\/index.php\/2025\/12\/19\/etude-biblique-27-12-2025\/\" class=\"sya_postlink post-3810\" rel=\"bookmark\">Etude biblique 27\/12\/2025<\/a> <span class=\"sya_author\">(par fpmavincennes)<\/span><\/div><\/li><li class=\"\"><div class=\"sya_postcontent\"><span class=\"sya_date\">vendredi, d\u00e9cembre 19 <span class=\"sya_sep\"> <\/span><\/span><a href=\"https:\/\/fpma-vincennes.fr\/index.php\/2025\/12\/19\/fifampiarahabana-fafats-2026\/\" class=\"sya_postlink post-3801\" rel=\"bookmark\">Fifampiarahabana FAfAts 2026<\/a> <span class=\"sya_author\">(par fpmavincennes)<\/span><\/div><\/li><li class=\"\"><div class=\"sya_postcontent\"><span class=\"sya_date\">dimanche, d\u00e9cembre 14 <span class=\"sya_sep\"> <\/span><\/span><a href=\"https:\/\/fpma-vincennes.fr\/index.php\/2025\/12\/14\/arbre-de-noel-21-12-2025\/\" class=\"sya_postlink post-3790\" rel=\"bookmark\">Arbre de No\u00ebl 21\/12\/2025<\/a> <span class=\"sya_author\">(par Secr\u00e9taire SA Sekoly Alahady)<\/span><\/div><\/li><li class=\"\"><div class=\"sya_postcontent\"><span class=\"sya_date\">samedi, novembre 22 <span class=\"sya_sep\"> <\/span><\/span><a href=\"https:\/\/fpma-vincennes.fr\/index.php\/2025\/11\/22\/lectures-du-28-12-2025\/\" class=\"sya_postlink post-3773\" rel=\"bookmark\">Lectures du 28\/12\/2025<\/a> <span class=\"sya_author\">(par fpmavincennes)<\/span><\/div><\/li><li class=\"\"><div class=\"sya_postcontent\"><span class=\"sya_date\">samedi, novembre 22 <span class=\"sya_sep\"> <\/span><\/span><a href=\"https:\/\/fpma-vincennes.fr\/index.php\/2025\/11\/22\/lectures-du-25-12-2025\/\" class=\"sya_postlink post-3770\" rel=\"bookmark\">Lectures du 25\/12\/2025<\/a> <span class=\"sya_author\">(par fpmavincennes)<\/span><\/div><\/li><li class=\"\"><div class=\"sya_postcontent\"><span class=\"sya_date\">samedi, novembre 22 <span class=\"sya_sep\"> <\/span><\/span><a href=\"https:\/\/fpma-vincennes.fr\/index.php\/2025\/11\/22\/lectures-du-21-12-2025\/\" class=\"sya_postlink post-3768\" rel=\"bookmark\">Lectures du 21\/12\/2025<\/a> <span class=\"sya_author\">(par fpmavincennes)<\/span><\/div><\/li><li class=\"\"><div class=\"sya_postcontent\"><span class=\"sya_date\">samedi, novembre 22 <span class=\"sya_sep\"> <\/span><\/span><a href=\"https:\/\/fpma-vincennes.fr\/index.php\/2025\/11\/22\/lectures-du-14-12-2025\/\" class=\"sya_postlink post-3766\" rel=\"bookmark\">Lectures du 14\/12\/2025<\/a> <span class=\"sya_author\">(par fpmavincennes)<\/span><\/div><\/li><li class=\"\"><div class=\"sya_postcontent\"><span class=\"sya_date\">samedi, novembre 22 <span class=\"sya_sep\"> <\/span><\/span><a href=\"https:\/\/fpma-vincennes.fr\/index.php\/2025\/11\/22\/lectures-du-07-12-2025-2\/\" class=\"sya_postlink post-3764\" rel=\"bookmark\">Lectures du 07\/12\/2025<\/a> <span class=\"sya_author\">(par fpmavincennes)<\/span><\/div><\/li><li class=\"\"><div class=\"sya_postcontent\"><span class=\"sya_date\">lundi, novembre 10 <span class=\"sya_sep\"> <\/span><\/span><a href=\"https:\/\/fpma-vincennes.fr\/index.php\/2025\/11\/10\/fetim-piangonana-29-11-2025\/\" class=\"sya_postlink post-3596\" rel=\"bookmark\">Fetim-piangonana 29\/11\/2025<\/a> <span class=\"sya_author\">(par fpmavincennes)<\/span><\/div><\/li><li class=\"\"><div class=\"sya_postcontent\"><span class=\"sya_date\">samedi, novembre 1 <span class=\"sya_sep\"> <\/span><\/span><a href=\"https:\/\/fpma-vincennes.fr\/index.php\/2025\/11\/01\/lectures-du-30-11-2025\/\" class=\"sya_postlink post-3727\" rel=\"bookmark\">Lectures du 30\/11\/2025<\/a> <span class=\"sya_author\">(par fpmavincennes)<\/span><\/div><\/li><li class=\"\"><div class=\"sya_postcontent\"><span class=\"sya_date\">samedi, novembre 1 <span class=\"sya_sep\"> <\/span><\/span><a href=\"https:\/\/fpma-vincennes.fr\/index.php\/2025\/11\/01\/lectures-du-23-11-2025\/\" class=\"sya_postlink post-3725\" rel=\"bookmark\">Lectures du 23\/11\/2025<\/a> <span class=\"sya_author\">(par fpmavincennes)<\/span><\/div><\/li><li class=\"\"><div class=\"sya_postcontent\"><span class=\"sya_date\">samedi, novembre 1 <span class=\"sya_sep\"> <\/span><\/span><a href=\"https:\/\/fpma-vincennes.fr\/index.php\/2025\/11\/01\/lectures-du-16-11-2025\/\" class=\"sya_postlink post-3722\" rel=\"bookmark\">Lectures du 16\/11\/2025<\/a> <span class=\"sya_author\">(par fpmavincennes)<\/span><\/div><\/li><li class=\"\"><div class=\"sya_postcontent\"><span class=\"sya_date\">samedi, novembre 1 <span class=\"sya_sep\"> <\/span><\/span><a href=\"https:\/\/fpma-vincennes.fr\/index.php\/2025\/11\/01\/lectures-du-07-12-2025\/\" class=\"sya_postlink post-3729\" rel=\"bookmark\">Lectures du 07\/12\/2025<\/a> <span class=\"sya_author\">(par fpmavincennes)<\/span><\/div><\/li><li class=\"\"><div class=\"sya_postcontent\"><span class=\"sya_date\">samedi, novembre 1 <span class=\"sya_sep\"> <\/span><\/span><a href=\"https:\/\/fpma-vincennes.fr\/index.php\/2025\/11\/01\/lectures-du-09-11-2025\/\" class=\"sya_postlink post-3720\" rel=\"bookmark\">Lectures du 09\/11\/2025<\/a> <span class=\"sya_author\">(par fpmavincennes)<\/span><\/div><\/li><li class=\"\"><div class=\"sya_postcontent\"><span class=\"sya_date\">samedi, novembre 1 <span class=\"sya_sep\"> <\/span><\/span><a href=\"https:\/\/fpma-vincennes.fr\/index.php\/2025\/11\/01\/lectures-du-02-11-2025\/\" class=\"sya_postlink post-3718\" rel=\"bookmark\">Lectures du 02\/11\/2025<\/a> <span class=\"sya_author\">(par fpmavincennes)<\/span><\/div><\/li><li class=\"\"><div class=\"sya_postcontent\"><span class=\"sya_date\">samedi, octobre 4 <span class=\"sya_sep\"> <\/span><\/span><a href=\"https:\/\/fpma-vincennes.fr\/index.php\/2025\/10\/04\/lectures-du-26-10-2025\/\" class=\"sya_postlink post-3579\" rel=\"bookmark\">Lectures du 26\/10\/2025<\/a> <span class=\"sya_author\">(par fpmavincennes)<\/span><\/div><\/li><li class=\"\"><div class=\"sya_postcontent\"><span class=\"sya_date\">samedi, octobre 4 <span class=\"sya_sep\"> <\/span><\/span><a href=\"https:\/\/fpma-vincennes.fr\/index.php\/2025\/10\/04\/lectures-du-19-10-2025\/\" class=\"sya_postlink post-3577\" rel=\"bookmark\">Lectures du 19\/10\/2025<\/a> <span class=\"sya_author\">(par fpmavincennes)<\/span><\/div><\/li><li class=\"\"><div class=\"sya_postcontent\"><span class=\"sya_date\">samedi, octobre 4 <span class=\"sya_sep\"> <\/span><\/span><a href=\"https:\/\/fpma-vincennes.fr\/index.php\/2025\/10\/04\/lectures-du-12-10-2025\/\" class=\"sya_postlink post-3575\" rel=\"bookmark\">Lectures du 12\/10\/2025<\/a> <span class=\"sya_author\">(par fpmavincennes)<\/span><\/div><\/li><li class=\"\"><div class=\"sya_postcontent\"><span class=\"sya_date\">samedi, octobre 4 <span class=\"sya_sep\"> <\/span><\/span><a href=\"https:\/\/fpma-vincennes.fr\/index.php\/2025\/10\/04\/lectures-du-05-10-2025\/\" class=\"sya_postlink post-3573\" rel=\"bookmark\">Lectures du 05\/10\/2025<\/a> <span class=\"sya_author\">(par fpmavincennes)<\/span><\/div><\/li><li class=\"\"><div class=\"sya_postcontent\"><span class=\"sya_date\">vendredi, septembre 19 <span class=\"sya_sep\"> <\/span><\/span><a href=\"https:\/\/fpma-vincennes.fr\/index.php\/2025\/09\/19\/hetsika-fafats-miala-voly\/\" class=\"sya_postlink post-3552\" rel=\"bookmark\">Hetsika FAfATS miala voly<\/a> <span class=\"sya_author\">(par fpmavincennes)<\/span><\/div><\/li><li class=\"\"><div class=\"sya_postcontent\"><span class=\"sya_date\">vendredi, septembre 5 <span class=\"sya_sep\"> <\/span><\/span><a href=\"https:\/\/fpma-vincennes.fr\/index.php\/2025\/09\/05\/programme-a-venir\/\" class=\"sya_postlink post-937\" rel=\"bookmark\">Ev\u00e8nements \u00e0 venir<\/a> <span class=\"sya_author\">(par fpmavincennes)<\/span><\/div><\/li><li class=\"\"><div class=\"sya_postcontent\"><span class=\"sya_date\">samedi, ao\u00fbt 23 <span class=\"sya_sep\"> <\/span><\/span><a href=\"https:\/\/fpma-vincennes.fr\/index.php\/2025\/08\/23\/choeuruni-fafats-20-09-2025\/\" class=\"sya_postlink post-3524\" rel=\"bookmark\">ChoeurUni FAfAts &#8211; 20\/09\/2025<\/a> <span class=\"sya_author\">(par fpmavincennes)<\/span><\/div><\/li><li class=\"\"><div class=\"sya_postcontent\"><span class=\"sya_date\">samedi, ao\u00fbt 23 <span class=\"sya_sep\"> <\/span><\/span><a href=\"https:\/\/fpma-vincennes.fr\/index.php\/2025\/08\/23\/lectures-du-28-09-2025\/\" class=\"sya_postlink post-3520\" rel=\"bookmark\">Lectures du 28\/09\/2025<\/a> <span class=\"sya_author\">(par fpmavincennes)<\/span><\/div><\/li><li class=\"\"><div class=\"sya_postcontent\"><span class=\"sya_date\">samedi, ao\u00fbt 23 <span class=\"sya_sep\"> <\/span><\/span><a href=\"https:\/\/fpma-vincennes.fr\/index.php\/2025\/08\/23\/lectures-du-21-09-2025\/\" class=\"sya_postlink post-3518\" rel=\"bookmark\">Lectures du 21\/09\/2025<\/a> <span class=\"sya_author\">(par fpmavincennes)<\/span><\/div><\/li><li class=\"\"><div class=\"sya_postcontent\"><span class=\"sya_date\">samedi, ao\u00fbt 23 <span class=\"sya_sep\"> <\/span><\/span><a href=\"https:\/\/fpma-vincennes.fr\/index.php\/2025\/08\/23\/lectures-du-14-09-2025\/\" class=\"sya_postlink post-3516\" rel=\"bookmark\">Lectures du 14\/09\/2025<\/a> <span class=\"sya_author\">(par fpmavincennes)<\/span><\/div><\/li><li class=\"\"><div class=\"sya_postcontent\"><span class=\"sya_date\">samedi, ao\u00fbt 23 <span class=\"sya_sep\"> <\/span><\/span><a href=\"https:\/\/fpma-vincennes.fr\/index.php\/2025\/08\/23\/lectures-du-07-09-2025\/\" class=\"sya_postlink post-3514\" rel=\"bookmark\">Lectures du 07\/09\/2025<\/a> <span class=\"sya_author\">(par fpmavincennes)<\/span><\/div><\/li><li class=\"\"><div class=\"sya_postcontent\"><span class=\"sya_date\">samedi, ao\u00fbt 2 <span class=\"sya_sep\"> <\/span><\/span><a href=\"https:\/\/fpma-vincennes.fr\/index.php\/2025\/08\/02\/lectures-du-31-08-2025\/\" class=\"sya_postlink post-3498\" rel=\"bookmark\">Lectures du 31\/08\/2025<\/a> <span class=\"sya_author\">(par fpmavincennes)<\/span><\/div><\/li><li class=\"\"><div class=\"sya_postcontent\"><span class=\"sya_date\">samedi, ao\u00fbt 2 <span class=\"sya_sep\"> <\/span><\/span><a href=\"https:\/\/fpma-vincennes.fr\/index.php\/2025\/08\/02\/lectures-du-24-08-2025\/\" class=\"sya_postlink post-3496\" rel=\"bookmark\">Lectures du 24\/08\/2025<\/a> <span class=\"sya_author\">(par fpmavincennes)<\/span><\/div><\/li><li class=\"\"><div class=\"sya_postcontent\"><span class=\"sya_date\">samedi, ao\u00fbt 2 <span class=\"sya_sep\"> <\/span><\/span><a href=\"https:\/\/fpma-vincennes.fr\/index.php\/2025\/08\/02\/lectures-du-17-08-2025\/\" class=\"sya_postlink post-3493\" rel=\"bookmark\">Lectures du 17\/08\/2025<\/a> <span class=\"sya_author\">(par fpmavincennes)<\/span><\/div><\/li><li class=\"\"><div class=\"sya_postcontent\"><span class=\"sya_date\">samedi, ao\u00fbt 2 <span class=\"sya_sep\"> <\/span><\/span><a href=\"https:\/\/fpma-vincennes.fr\/index.php\/2025\/08\/02\/lectures-du-10-08-2025\/\" class=\"sya_postlink post-3489\" rel=\"bookmark\">Lectures du 10\/08\/2025<\/a> <span class=\"sya_author\">(par fpmavincennes)<\/span><\/div><\/li><li class=\"\"><div class=\"sya_postcontent\"><span class=\"sya_date\">samedi, ao\u00fbt 2 <span class=\"sya_sep\"> <\/span><\/span><a href=\"https:\/\/fpma-vincennes.fr\/index.php\/2025\/08\/02\/lectures-du-03-08-2025\/\" class=\"sya_postlink post-3487\" rel=\"bookmark\">Lectures du 03\/08\/2025<\/a> <span class=\"sya_author\">(par fpmavincennes)<\/span><\/div><\/li><li class=\"\"><div class=\"sya_postcontent\"><span class=\"sya_date\">samedi, juillet 5 <span class=\"sya_sep\"> <\/span><\/span><a href=\"https:\/\/fpma-vincennes.fr\/index.php\/2025\/07\/05\/isan-kerintaona-07-13-07-2025\/\" class=\"sya_postlink post-3468\" rel=\"bookmark\">Isan-kerintaona 07-13\/07\/2025<\/a> <span class=\"sya_author\">(par fpmavincennes)<\/span><\/div><\/li><li class=\"\"><div class=\"sya_postcontent\"><span class=\"sya_date\">vendredi, juillet 4 <span class=\"sya_sep\"> <\/span><\/span><a href=\"https:\/\/fpma-vincennes.fr\/index.php\/2025\/07\/04\/spectily-05-07-2025\/\" class=\"sya_postlink post-3459\" rel=\"bookmark\">Spectily 05\/07\/2025<\/a> <span class=\"sya_author\">(par fpmavincennes)<\/span><\/div><\/li><li class=\"\"><div class=\"sya_postcontent\"><span class=\"sya_date\">samedi, juin 28 <span class=\"sya_sep\"> <\/span><\/span><a href=\"https:\/\/fpma-vincennes.fr\/index.php\/2025\/06\/28\/lectures-du-27-07-2025\/\" class=\"sya_postlink post-3441\" rel=\"bookmark\">Lectures du 27\/07\/2025<\/a> <span class=\"sya_author\">(par fpmavincennes)<\/span><\/div><\/li><li class=\"\"><div class=\"sya_postcontent\"><span class=\"sya_date\">samedi, juin 28 <span class=\"sya_sep\"> <\/span><\/span><a href=\"https:\/\/fpma-vincennes.fr\/index.php\/2025\/06\/28\/lectures-du-20-07-2025\/\" class=\"sya_postlink post-3439\" rel=\"bookmark\">Lectures du 20\/07\/2025<\/a> <span class=\"sya_author\">(par fpmavincennes)<\/span><\/div><\/li><li class=\"\"><div class=\"sya_postcontent\"><span class=\"sya_date\">samedi, juin 28 <span class=\"sya_sep\"> <\/span><\/span><a href=\"https:\/\/fpma-vincennes.fr\/index.php\/2025\/06\/28\/amf-29-06-2025\/\" class=\"sya_postlink post-3431\" rel=\"bookmark\">AMF 29\/06\/2025<\/a> <span class=\"sya_author\">(par fpmavincennes)<\/span><\/div><\/li><li class=\"\"><div class=\"sya_postcontent\"><span class=\"sya_date\">samedi, juin 28 <span class=\"sya_sep\"> <\/span><\/span><a href=\"https:\/\/fpma-vincennes.fr\/index.php\/2025\/06\/28\/alimbavaka-28-06-2025\/\" class=\"sya_postlink post-3428\" rel=\"bookmark\">Alimbavaka 28\/06\/2025<\/a> <span class=\"sya_author\">(par fpmavincennes)<\/span><\/div><\/li><li class=\"\"><div class=\"sya_postcontent\"><span class=\"sya_date\">samedi, juin 28 <span class=\"sya_sep\"> <\/span><\/span><a href=\"https:\/\/fpma-vincennes.fr\/index.php\/2025\/06\/28\/etude-biblique-28-06-2025\/\" class=\"sya_postlink post-3425\" rel=\"bookmark\">Etude biblique 28\/06\/2025<\/a> <span class=\"sya_author\">(par fpmavincennes)<\/span><\/div><\/li><li class=\"\"><div class=\"sya_postcontent\"><span class=\"sya_date\">samedi, juin 28 <span class=\"sya_sep\"> <\/span><\/span><a href=\"https:\/\/fpma-vincennes.fr\/index.php\/2025\/06\/28\/lectures-du13-07-2025\/\" class=\"sya_postlink post-3421\" rel=\"bookmark\">Lectures du 13\/07\/2025<\/a> <span class=\"sya_author\">(par fpmavincennes)<\/span><\/div><\/li><li class=\"\"><div class=\"sya_postcontent\"><span class=\"sya_date\">samedi, juin 28 <span class=\"sya_sep\"> <\/span><\/span><a href=\"https:\/\/fpma-vincennes.fr\/index.php\/2025\/06\/28\/lectures-du-06-07-2025\/\" class=\"sya_postlink post-3419\" rel=\"bookmark\">Lectures du 06\/07\/2025<\/a> <span class=\"sya_author\">(par fpmavincennes)<\/span><\/div><\/li><li class=\"\"><div class=\"sya_postcontent\"><span class=\"sya_date\">samedi, juin 28 <span class=\"sya_sep\"> <\/span><\/span><a href=\"https:\/\/fpma-vincennes.fr\/index.php\/2025\/06\/28\/lectures-du-29-06-2025\/\" class=\"sya_postlink post-3417\" rel=\"bookmark\">Lectures du 29\/06\/2025<\/a> <span class=\"sya_author\">(par fpmavincennes)<\/span><\/div><\/li><li class=\"\"><div class=\"sya_postcontent\"><span class=\"sya_date\">lundi, mai 5 <span class=\"sya_sep\"> <\/span><\/span><a href=\"https:\/\/fpma-vincennes.fr\/index.php\/2025\/05\/05\/lectures-du-11-05-2025\/\" class=\"sya_postlink post-3403\" rel=\"bookmark\">Lectures du 11\/05\/2025<\/a> <span class=\"sya_author\">(par fpmavincennes)<\/span><\/div><\/li><li class=\"\"><div class=\"sya_postcontent\"><span class=\"sya_date\">lundi, mai 5 <span class=\"sya_sep\"> <\/span><\/span><a href=\"https:\/\/fpma-vincennes.fr\/index.php\/2025\/05\/05\/lectures-du-18-05-2025\/\" class=\"sya_postlink post-3401\" rel=\"bookmark\">Lectures du 18\/05\/2025<\/a> <span class=\"sya_author\">(par fpmavincennes)<\/span><\/div><\/li><li class=\"\"><div class=\"sya_postcontent\"><span class=\"sya_date\">lundi, mai 5 <span class=\"sya_sep\"> <\/span><\/span><a href=\"https:\/\/fpma-vincennes.fr\/index.php\/2025\/05\/05\/lectures-du-25-05-2025\/\" class=\"sya_postlink post-3399\" rel=\"bookmark\">Lectures du 25\/05\/2025<\/a> <span class=\"sya_author\">(par fpmavincennes)<\/span><\/div><\/li><li class=\"\"><div class=\"sya_postcontent\"><span class=\"sya_date\">lundi, mai 5 <span class=\"sya_sep\"> <\/span><\/span><a href=\"https:\/\/fpma-vincennes.fr\/index.php\/2025\/05\/05\/lectures-du-29-05-2025\/\" class=\"sya_postlink post-3397\" rel=\"bookmark\">Lectures du 29\/05\/2025<\/a> <span class=\"sya_author\">(par fpmavincennes)<\/span><\/div><\/li><li class=\"\"><div class=\"sya_postcontent\"><span class=\"sya_date\">lundi, avril 28 <span class=\"sya_sep\"> <\/span><\/span><a href=\"https:\/\/fpma-vincennes.fr\/index.php\/2025\/04\/28\/journee-recreative-01-mai-2025\/\" class=\"sya_postlink post-3373\" rel=\"bookmark\">MIZARASOA VINCENNES &#8212; JOURNEE RECREATIVE DU 1ER MAI 2025<\/a> <span class=\"sya_author\">(par fpmavincennes)<\/span><\/div><\/li><li class=\"\"><div class=\"sya_postcontent\"><span class=\"sya_date\">vendredi, avril 25 <span class=\"sya_sep\"> <\/span><\/span><a href=\"https:\/\/fpma-vincennes.fr\/index.php\/2025\/04\/25\/alim-bavaka-26-04-2025\/\" class=\"sya_postlink post-3379\" rel=\"bookmark\">Alim-bavaka 26\/04\/2025<\/a> <span class=\"sya_author\">(par fpmavincennes)<\/span><\/div><\/li><li class=\"\"><div class=\"sya_postcontent\"><span class=\"sya_date\">vendredi, avril 25 <span class=\"sya_sep\"> <\/span><\/span><a href=\"https:\/\/fpma-vincennes.fr\/index.php\/2025\/04\/25\/etude-biblique-26-04-2025\/\" class=\"sya_postlink post-3376\" rel=\"bookmark\">Etude biblique 26\/04\/2025<\/a> <span class=\"sya_author\">(par fpmavincennes)<\/span><\/div><\/li><li class=\"\"><div class=\"sya_postcontent\"><span class=\"sya_date\">samedi, avril 19 <span class=\"sya_sep\"> <\/span><\/span><a href=\"https:\/\/fpma-vincennes.fr\/index.php\/2025\/04\/19\/ag-mizara-soa-vincennes-27-04-2025\/\" class=\"sya_postlink post-3366\" rel=\"bookmark\">AG Mizara Soa Vincennes 27\/04\/2025<\/a> <span class=\"sya_author\">(par fpmavincennes)<\/span><\/div><\/li><li class=\"\"><div class=\"sya_postcontent\"><span class=\"sya_date\">samedi, avril 19 <span class=\"sya_sep\"> <\/span><\/span><a href=\"https:\/\/fpma-vincennes.fr\/index.php\/2025\/04\/19\/lectures-du-04-05-2025\/\" class=\"sya_postlink post-3361\" rel=\"bookmark\">Lectures du 04\/05\/2025<\/a> <span class=\"sya_author\">(par fpmavincennes)<\/span><\/div><\/li><li class=\"\"><div class=\"sya_postcontent\"><span class=\"sya_date\">samedi, avril 19 <span class=\"sya_sep\"> <\/span><\/span><a href=\"https:\/\/fpma-vincennes.fr\/index.php\/2025\/04\/19\/lectures-du-27-04-2025\/\" class=\"sya_postlink post-3358\" rel=\"bookmark\">Lectures du 27\/04\/2025<\/a> <span class=\"sya_author\">(par fpmavincennes)<\/span><\/div><\/li><li class=\"\"><div class=\"sya_postcontent\"><span class=\"sya_date\">samedi, avril 19 <span class=\"sya_sep\"> <\/span><\/span><a href=\"https:\/\/fpma-vincennes.fr\/index.php\/2025\/04\/19\/lectures-du-20-04-2025\/\" class=\"sya_postlink post-3352\" rel=\"bookmark\">Lectures du 20\/04\/2025<\/a> <span class=\"sya_author\">(par fpmavincennes)<\/span><\/div><\/li><li class=\"\"><div class=\"sya_postcontent\"><span class=\"sya_date\">mardi, avril 15 <span class=\"sya_sep\"> <\/span><\/span><a href=\"https:\/\/fpma-vincennes.fr\/index.php\/2025\/04\/15\/lectures-du-18-04-2025\/\" class=\"sya_postlink post-3347\" rel=\"bookmark\">Lectures du 18\/04\/2025<\/a> <span class=\"sya_author\">(par fpmavincennes)<\/span><\/div><\/li><li class=\"\"><div class=\"sya_postcontent\"><span class=\"sya_date\">mardi, avril 15 <span class=\"sya_sep\"> <\/span><\/span><a href=\"https:\/\/fpma-vincennes.fr\/index.php\/2025\/04\/15\/lectures-du-17-04-2025\/\" class=\"sya_postlink post-3345\" rel=\"bookmark\">Lectures du 17\/04\/2025<\/a> <span class=\"sya_author\">(par fpmavincennes)<\/span><\/div><\/li><li class=\"\"><div class=\"sya_postcontent\"><span class=\"sya_date\">mardi, avril 15 <span class=\"sya_sep\"> <\/span><\/span><a href=\"https:\/\/fpma-vincennes.fr\/index.php\/2025\/04\/15\/sortie-le-21-04-2025\/\" class=\"sya_postlink post-3341\" rel=\"bookmark\">Sortie le 21\/04\/2025<\/a> <span class=\"sya_author\">(par fpmavincennes)<\/span><\/div><\/li><li class=\"\"><div class=\"sya_postcontent\"><span class=\"sya_date\">jeudi, mars 20 <span class=\"sya_sep\"> <\/span><\/span><a href=\"https:\/\/fpma-vincennes.fr\/index.php\/2025\/03\/20\/etude-biblique-samedi-22-mars-a-18h00\/\" class=\"sya_postlink post-3305\" rel=\"bookmark\">Etude biblique &#8211; Samedi 22 mars 2025 \u00e0 18h00<\/a> <span class=\"sya_author\">(par Secr\u00e9taire SFT)<\/span><\/div><\/li><li class=\"\"><div class=\"sya_postcontent\"><span class=\"sya_date\">samedi, mars 15 <span class=\"sya_sep\"> <\/span><\/span><a href=\"https:\/\/fpma-vincennes.fr\/index.php\/2025\/03\/15\/lectures-du-30-03-2025\/\" class=\"sya_postlink post-3299\" rel=\"bookmark\">Lectures du 30\/03\/2025<\/a> <span class=\"sya_author\">(par fpmavincennes)<\/span><\/div><\/li><li class=\"\"><div class=\"sya_postcontent\"><span class=\"sya_date\">samedi, mars 15 <span class=\"sya_sep\"> <\/span><\/span><a href=\"https:\/\/fpma-vincennes.fr\/index.php\/2025\/03\/15\/lectures-du-06-04-2025\/\" class=\"sya_postlink post-3297\" rel=\"bookmark\">Lectures du 06\/04\/2025<\/a> <span class=\"sya_author\">(par fpmavincennes)<\/span><\/div><\/li><li class=\"\"><div class=\"sya_postcontent\"><span class=\"sya_date\">samedi, mars 15 <span class=\"sya_sep\"> <\/span><\/span><a href=\"https:\/\/fpma-vincennes.fr\/index.php\/2025\/03\/15\/lectures-du-13-04-2025\/\" class=\"sya_postlink post-3295\" rel=\"bookmark\">Lectures du 13\/04\/2025<\/a> <span class=\"sya_author\">(par fpmavincennes)<\/span><\/div><\/li><li class=\"\"><div class=\"sya_postcontent\"><span class=\"sya_date\">samedi, mars 15 <span class=\"sya_sep\"> <\/span><\/span><a href=\"https:\/\/fpma-vincennes.fr\/index.php\/2025\/03\/15\/lectures-du-23-03-2025\/\" class=\"sya_postlink post-3292\" rel=\"bookmark\">Lectures du 23\/03\/2025<\/a> <span class=\"sya_author\">(par fpmavincennes)<\/span><\/div><\/li><li class=\"\"><div class=\"sya_postcontent\"><span class=\"sya_date\">samedi, mars 15 <span class=\"sya_sep\"> <\/span><\/span><a href=\"https:\/\/fpma-vincennes.fr\/index.php\/2025\/03\/15\/lectures-du-16-03-2025\/\" class=\"sya_postlink post-3289\" rel=\"bookmark\">Lectures du 16\/03\/2025<\/a> <span class=\"sya_author\">(par fpmavincennes)<\/span><\/div><\/li><li class=\"\"><div class=\"sya_postcontent\"><span class=\"sya_date\">jeudi, mars 13 <span class=\"sya_sep\"> <\/span><\/span><a href=\"https:\/\/fpma-vincennes.fr\/index.php\/2025\/03\/13\/alim-bavaka-14-03-2025\/\" class=\"sya_postlink post-3282\" rel=\"bookmark\">Alim-bavaka 14\/03\/2025<\/a> <span class=\"sya_author\">(par fpmavincennes)<\/span><\/div><\/li><li class=\"\"><div class=\"sya_postcontent\"><span class=\"sya_date\">samedi, mars 8 <span class=\"sya_sep\"> <\/span><\/span><a href=\"https:\/\/fpma-vincennes.fr\/index.php\/2025\/03\/08\/lectures-du-09-03-2025\/\" class=\"sya_postlink post-3271\" rel=\"bookmark\">Lectures du 09\/03\/2025<\/a> <span class=\"sya_author\">(par fpmavincennes)<\/span><\/div><\/li><li class=\"\"><div class=\"sya_postcontent\"><span class=\"sya_date\">vendredi, f\u00e9vrier 28 <span class=\"sya_sep\"> <\/span><\/span><a href=\"https:\/\/fpma-vincennes.fr\/index.php\/2025\/02\/28\/fanateram-bokatra-mars-2025\/\" class=\"sya_postlink post-3260\" rel=\"bookmark\">Fanateram-bokatra mars 2025<\/a> <span class=\"sya_author\">(par fpmavincennes)<\/span><\/div><\/li><li class=\"\"><div class=\"sya_postcontent\"><span class=\"sya_date\">vendredi, f\u00e9vrier 28 <span class=\"sya_sep\"> <\/span><\/span><a href=\"https:\/\/fpma-vincennes.fr\/index.php\/2025\/02\/28\/lectures-du-02-03-2025\/\" class=\"sya_postlink post-3255\" rel=\"bookmark\">Lectures du 02\/03\/2025<\/a> <span class=\"sya_author\">(par fpmavincennes)<\/span><\/div><\/li><li class=\"\"><div class=\"sya_postcontent\"><span class=\"sya_date\">vendredi, f\u00e9vrier 21 <span class=\"sya_sep\"> <\/span><\/span><a href=\"https:\/\/fpma-vincennes.fr\/index.php\/2025\/02\/21\/lectures-du-23-02-2025\/\" class=\"sya_postlink post-3227\" rel=\"bookmark\">Lectures du 23\/02\/2025<\/a> <span class=\"sya_author\">(par fpmavincennes)<\/span><\/div><\/li><li class=\"\"><div class=\"sya_postcontent\"><span class=\"sya_date\">vendredi, f\u00e9vrier 14 <span class=\"sya_sep\"> <\/span><\/span><a href=\"https:\/\/fpma-vincennes.fr\/index.php\/2025\/02\/14\/lectures-du-16-02-2025\/\" class=\"sya_postlink post-3217\" rel=\"bookmark\">Lectures du 16\/02\/2025<\/a> <span class=\"sya_author\">(par fpmavincennes)<\/span><\/div><\/li><li class=\"\"><div class=\"sya_postcontent\"><span class=\"sya_date\">mercredi, f\u00e9vrier 12 <span class=\"sya_sep\"> <\/span><\/span><a href=\"https:\/\/fpma-vincennes.fr\/index.php\/2025\/02\/12\/etude-biblique-samedi-22-fevrier-2025-a-18h00\/\" class=\"sya_postlink post-3200\" rel=\"bookmark\">Etude biblique &#8211; Samedi 22 f\u00e9vrier 2025 \u00e0 18h00<\/a> <span class=\"sya_author\">(par Secr\u00e9taire SFT)<\/span><\/div><\/li><li class=\"\"><div class=\"sya_postcontent\"><span class=\"sya_date\">vendredi, f\u00e9vrier 7 <span class=\"sya_sep\"> <\/span><\/span><a href=\"https:\/\/fpma-vincennes.fr\/index.php\/2025\/02\/07\/lectures-du-09-02-2025\/\" class=\"sya_postlink post-3194\" rel=\"bookmark\">Lectures du 09\/02\/2025<\/a> <span class=\"sya_author\">(par fpmavincennes)<\/span><\/div><\/li><li class=\"\"><div class=\"sya_postcontent\"><span class=\"sya_date\">lundi, f\u00e9vrier 3 <span class=\"sya_sep\"> <\/span><\/span><a href=\"https:\/\/fpma-vincennes.fr\/index.php\/2025\/02\/03\/alahadinny-sampana-sa-09-02-2025\/\" class=\"sya_postlink post-3185\" rel=\"bookmark\">Alahadin&rsquo;ny Sampana SA 09\/02\/2025<\/a> <span class=\"sya_author\">(par Secr\u00e9taire SA Sekoly Alahady)<\/span><\/div><\/li><li class=\"\"><div class=\"sya_postcontent\"><span class=\"sya_date\">jeudi, janvier 30 <span class=\"sya_sep\"> <\/span><\/span><a href=\"https:\/\/fpma-vincennes.fr\/index.php\/2025\/01\/30\/lectures-du-02-02-2025\/\" class=\"sya_postlink post-3179\" rel=\"bookmark\">Lectures du 02\/02\/2025<\/a> <span class=\"sya_author\">(par fpmavincennes)<\/span><\/div><\/li><li class=\"\"><div class=\"sya_postcontent\"><span class=\"sya_date\">vendredi, janvier 17 <span class=\"sya_sep\"> <\/span><\/span><a href=\"https:\/\/fpma-vincennes.fr\/index.php\/2025\/01\/17\/lectures-du-19-01-2025\/\" class=\"sya_postlink post-3158\" rel=\"bookmark\">Lectures du 19\/01\/2025<\/a> <span class=\"sya_author\">(par fpmavincennes)<\/span><\/div><\/li><li class=\"\"><div class=\"sya_postcontent\"><span class=\"sya_date\">dimanche, janvier 12 <span class=\"sya_sep\"> <\/span><\/span><a href=\"https:\/\/fpma-vincennes.fr\/index.php\/2025\/01\/12\/etude-biblique-samedi-25-janvier-2025-a-18h00\/\" class=\"sya_postlink post-3135\" rel=\"bookmark\">Etude biblique &#8211; Samedi 25 janvier 2025 \u00e0 17h30<\/a> <span class=\"sya_author\">(par Secr\u00e9taire SFT)<\/span><\/div><\/li><li class=\"\"><div class=\"sya_postcontent\"><span class=\"sya_date\">vendredi, janvier 10 <span class=\"sya_sep\"> <\/span><\/span><a href=\"https:\/\/fpma-vincennes.fr\/index.php\/2025\/01\/10\/lectures-du-12-01-2025\/\" class=\"sya_postlink post-3128\" rel=\"bookmark\">Lectures du 12\/01\/2025<\/a> <span class=\"sya_author\">(par fpmavincennes)<\/span><\/div><\/li><li class=\"\"><div class=\"sya_postcontent\"><span class=\"sya_date\">vendredi, janvier 10 <span class=\"sya_sep\"> <\/span><\/span><a href=\"https:\/\/fpma-vincennes.fr\/index.php\/2025\/01\/10\/jeune-et-priere-12-01-2025\/\" class=\"sya_postlink post-3121\" rel=\"bookmark\">Je\u00fbne et pri\u00e8re 12\/01\/2025<\/a> <span class=\"sya_author\">(par fpmavincennes)<\/span><\/div><\/li><li class=\"\"><div class=\"sya_postcontent\"><span class=\"sya_date\">vendredi, janvier 10 <span class=\"sya_sep\"> <\/span><\/span><a href=\"https:\/\/fpma-vincennes.fr\/index.php\/2025\/01\/10\/alim-bavaka-10-01-2025\/\" class=\"sya_postlink post-3112\" rel=\"bookmark\">Alim-bavaka 10\/01\/2025<\/a> <span class=\"sya_author\">(par fpmavincennes)<\/span><\/div><\/li><\/ul><a id=\"year2024\"><\/a>2024<ul><li class=\"\"><div class=\"sya_postcontent\"><span class=\"sya_date\">vendredi, d\u00e9cembre 6 <span class=\"sya_sep\"> <\/span><\/span><a href=\"https:\/\/fpma-vincennes.fr\/index.php\/2024\/12\/06\/alim-bavaka-13-12-2024\/\" class=\"sya_postlink post-3102\" rel=\"bookmark\">Alim-bavaka 13\/12\/2024<\/a> <span class=\"sya_author\">(par fpmavincennes)<\/span><\/div><\/li><li class=\"\"><div class=\"sya_postcontent\"><span class=\"sya_date\">jeudi, novembre 28 <span class=\"sya_sep\"> <\/span><\/span><a href=\"https:\/\/fpma-vincennes.fr\/index.php\/2024\/11\/28\/arbre-de-noel-22-decembre-2024\/\" class=\"sya_postlink post-3084\" rel=\"bookmark\">Arbre de No\u00ebl 22\/12\/2024<\/a> <span class=\"sya_author\">(par Secr\u00e9taire SA Sekoly Alahady)<\/span><\/div><\/li><li class=\"\"><div class=\"sya_postcontent\"><span class=\"sya_date\">vendredi, novembre 15 <span class=\"sya_sep\"> <\/span><\/span><a href=\"https:\/\/fpma-vincennes.fr\/index.php\/2024\/11\/15\/concert-de-noel-15-12-2024\/\" class=\"sya_postlink post-3041\" rel=\"bookmark\">Concert de No\u00ebl 15\/12\/2024<\/a> <span class=\"sya_author\">(par fpmavincennes)<\/span><\/div><\/li><li class=\"\"><div class=\"sya_postcontent\"><span class=\"sya_date\">vendredi, novembre 15 <span class=\"sya_sep\"> <\/span><\/span><a href=\"https:\/\/fpma-vincennes.fr\/index.php\/2024\/11\/15\/etude-biblique-23-11-2024\/\" class=\"sya_postlink post-3037\" rel=\"bookmark\">Etude biblique 23\/11\/2024<\/a> <span class=\"sya_author\">(par fpmavincennes)<\/span><\/div><\/li><li class=\"\"><div class=\"sya_postcontent\"><span class=\"sya_date\">samedi, novembre 2 <span class=\"sya_sep\"> <\/span><\/span><a href=\"https:\/\/fpma-vincennes.fr\/index.php\/2024\/11\/02\/alim-bavaka-08-11-2024\/\" class=\"sya_postlink post-3020\" rel=\"bookmark\">Alim-bavaka 08\/11\/2024<\/a> <span class=\"sya_author\">(par fpmavincennes)<\/span><\/div><\/li><li class=\"\"><div class=\"sya_postcontent\"><span class=\"sya_date\">mardi, octobre 22 <span class=\"sya_sep\"> <\/span><\/span><a href=\"https:\/\/fpma-vincennes.fr\/index.php\/2024\/10\/22\/etude-biblique-26-10-2024\/\" class=\"sya_postlink post-2999\" rel=\"bookmark\">Etude biblique 26\/10\/2024<\/a> <span class=\"sya_author\">(par fpmavincennes)<\/span><\/div><\/li><li class=\"\"><div class=\"sya_postcontent\"><span class=\"sya_date\">dimanche, octobre 13 <span class=\"sya_sep\"> <\/span><\/span><a href=\"https:\/\/fpma-vincennes.fr\/index.php\/2024\/10\/13\/lectures-du-03-11-2024\/\" class=\"sya_postlink post-2981\" rel=\"bookmark\">Lectures du 03\/11\/2024<\/a> <span class=\"sya_author\">(par fpmavincennes)<\/span><\/div><\/li><li class=\"\"><div class=\"sya_postcontent\"><span class=\"sya_date\">dimanche, octobre 13 <span class=\"sya_sep\"> <\/span><\/span><a href=\"https:\/\/fpma-vincennes.fr\/index.php\/2024\/10\/13\/lectures-du-10-11-2024\/\" class=\"sya_postlink post-2978\" rel=\"bookmark\">Lectures du 10\/11\/2024<\/a> <span class=\"sya_author\">(par fpmavincennes)<\/span><\/div><\/li><li class=\"\"><div class=\"sya_postcontent\"><span class=\"sya_date\">dimanche, octobre 13 <span class=\"sya_sep\"> <\/span><\/span><a href=\"https:\/\/fpma-vincennes.fr\/index.php\/2024\/10\/13\/lectures-du-17-11-2024\/\" class=\"sya_postlink post-2976\" rel=\"bookmark\">Lectures du 17\/11\/2024<\/a> <span class=\"sya_author\">(par fpmavincennes)<\/span><\/div><\/li><li class=\"\"><div class=\"sya_postcontent\"><span class=\"sya_date\">dimanche, octobre 13 <span class=\"sya_sep\"> <\/span><\/span><a href=\"https:\/\/fpma-vincennes.fr\/index.php\/2024\/10\/13\/lectures-du-24-11-2024\/\" class=\"sya_postlink post-2973\" rel=\"bookmark\">Lectures du 24\/11\/2024<\/a> <span class=\"sya_author\">(par fpmavincennes)<\/span><\/div><\/li><li class=\"\"><div class=\"sya_postcontent\"><span class=\"sya_date\">dimanche, octobre 13 <span class=\"sya_sep\"> <\/span><\/span><a href=\"https:\/\/fpma-vincennes.fr\/index.php\/2024\/10\/13\/lectures-du-01-12-2024\/\" class=\"sya_postlink post-2971\" rel=\"bookmark\">Lectures du 01\/12\/2024<\/a> <span class=\"sya_author\">(par fpmavincennes)<\/span><\/div><\/li><li class=\"\"><div class=\"sya_postcontent\"><span class=\"sya_date\">dimanche, octobre 13 <span class=\"sya_sep\"> <\/span><\/span><a href=\"https:\/\/fpma-vincennes.fr\/index.php\/2024\/10\/13\/lectures-du-08-12-2024\/\" class=\"sya_postlink post-2969\" rel=\"bookmark\">Lectures du 08\/12\/2024<\/a> <span class=\"sya_author\">(par fpmavincennes)<\/span><\/div><\/li><li class=\"\"><div class=\"sya_postcontent\"><span class=\"sya_date\">dimanche, octobre 13 <span class=\"sya_sep\"> <\/span><\/span><a href=\"https:\/\/fpma-vincennes.fr\/index.php\/2024\/10\/13\/lectures-du-15-12-2024\/\" class=\"sya_postlink post-2967\" rel=\"bookmark\">Lectures du 15\/12\/2024<\/a> <span class=\"sya_author\">(par fpmavincennes)<\/span><\/div><\/li><li class=\"\"><div class=\"sya_postcontent\"><span class=\"sya_date\">dimanche, octobre 13 <span class=\"sya_sep\"> <\/span><\/span><a href=\"https:\/\/fpma-vincennes.fr\/index.php\/2024\/10\/13\/lectures-du-22-12-2024\/\" class=\"sya_postlink post-2965\" rel=\"bookmark\">Lectures du 22\/12\/2024<\/a> <span class=\"sya_author\">(par fpmavincennes)<\/span><\/div><\/li><li class=\"\"><div class=\"sya_postcontent\"><span class=\"sya_date\">dimanche, octobre 13 <span class=\"sya_sep\"> <\/span><\/span><a href=\"https:\/\/fpma-vincennes.fr\/index.php\/2024\/10\/13\/lectures-du-25-12-2024\/\" class=\"sya_postlink post-2963\" rel=\"bookmark\">Lectures du 25\/12\/2024<\/a> <span class=\"sya_author\">(par fpmavincennes)<\/span><\/div><\/li><li class=\"\"><div class=\"sya_postcontent\"><span class=\"sya_date\">dimanche, octobre 13 <span class=\"sya_sep\"> <\/span><\/span><a href=\"https:\/\/fpma-vincennes.fr\/index.php\/2024\/10\/13\/lectures-du-29-12-2024\/\" class=\"sya_postlink post-2961\" rel=\"bookmark\">Lectures du 29\/12\/2024<\/a> <span class=\"sya_author\">(par fpmavincennes)<\/span><\/div><\/li><li class=\"\"><div class=\"sya_postcontent\"><span class=\"sya_date\">vendredi, octobre 11 <span class=\"sya_sep\"> <\/span><\/span><a href=\"https:\/\/fpma-vincennes.fr\/index.php\/2024\/10\/11\/alim-bavaka-11-10-2024\/\" class=\"sya_postlink post-2954\" rel=\"bookmark\">Alim-bavaka 11\/10\/2024<\/a> <span class=\"sya_author\">(par fpmavincennes)<\/span><\/div><\/li><li class=\"\"><div class=\"sya_postcontent\"><span class=\"sya_date\">vendredi, septembre 20 <span class=\"sya_sep\"> <\/span><\/span><a href=\"https:\/\/fpma-vincennes.fr\/index.php\/2024\/09\/20\/etude-biblique-28-09-2024\/\" class=\"sya_postlink post-2934\" rel=\"bookmark\">Etude biblique 28\/09\/2024<\/a> <span class=\"sya_author\">(par fpmavincennes)<\/span><\/div><\/li><li class=\"\"><div class=\"sya_postcontent\"><span class=\"sya_date\">samedi, septembre 7 <span class=\"sya_sep\"> <\/span><\/span><a href=\"https:\/\/fpma-vincennes.fr\/index.php\/2024\/09\/07\/alim-bavaka-13-09-2024\/\" class=\"sya_postlink post-2921\" rel=\"bookmark\">Alim-bavaka 13\/09\/2024<\/a> <span class=\"sya_author\">(par fpmavincennes)<\/span><\/div><\/li><li class=\"\"><div class=\"sya_postcontent\"><span class=\"sya_date\">samedi, ao\u00fbt 3 <span class=\"sya_sep\"> <\/span><\/span><a href=\"https:\/\/fpma-vincennes.fr\/index.php\/2024\/08\/03\/lectures-du-04-08-2024\/\" class=\"sya_postlink post-2899\" rel=\"bookmark\">Lectures du 04\/08\/2024<\/a> <span class=\"sya_author\">(par fpmavincennes)<\/span><\/div><\/li><li class=\"\"><div class=\"sya_postcontent\"><span class=\"sya_date\">samedi, ao\u00fbt 3 <span class=\"sya_sep\"> <\/span><\/span><a href=\"https:\/\/fpma-vincennes.fr\/index.php\/2024\/08\/03\/lectures-du-11-08-2024\/\" class=\"sya_postlink post-2897\" rel=\"bookmark\">Lectures du 11\/08\/2024<\/a> <span class=\"sya_author\">(par fpmavincennes)<\/span><\/div><\/li><li class=\"\"><div class=\"sya_postcontent\"><span class=\"sya_date\">samedi, ao\u00fbt 3 <span class=\"sya_sep\"> <\/span><\/span><a href=\"https:\/\/fpma-vincennes.fr\/index.php\/2024\/08\/03\/lectures-du-18-08-2024\/\" class=\"sya_postlink post-2895\" rel=\"bookmark\">Lectures du 18\/08\/2024<\/a> <span class=\"sya_author\">(par fpmavincennes)<\/span><\/div><\/li><li class=\"\"><div class=\"sya_postcontent\"><span class=\"sya_date\">samedi, ao\u00fbt 3 <span class=\"sya_sep\"> <\/span><\/span><a href=\"https:\/\/fpma-vincennes.fr\/index.php\/2024\/08\/03\/lectures-du-25-08-2024\/\" class=\"sya_postlink post-2893\" rel=\"bookmark\">Lectures du 25\/08\/2024<\/a> <span class=\"sya_author\">(par fpmavincennes)<\/span><\/div><\/li><li class=\"\"><div class=\"sya_postcontent\"><span class=\"sya_date\">samedi, ao\u00fbt 3 <span class=\"sya_sep\"> <\/span><\/span><a href=\"https:\/\/fpma-vincennes.fr\/index.php\/2024\/08\/03\/lectures-du-01-09-2024\/\" class=\"sya_postlink post-2891\" rel=\"bookmark\">Lectures du 01\/09\/2024<\/a> <span class=\"sya_author\">(par fpmavincennes)<\/span><\/div><\/li><li class=\"\"><div class=\"sya_postcontent\"><span class=\"sya_date\">samedi, ao\u00fbt 3 <span class=\"sya_sep\"> <\/span><\/span><a href=\"https:\/\/fpma-vincennes.fr\/index.php\/2024\/08\/03\/lectures-du-08-09-2024\/\" class=\"sya_postlink post-2889\" rel=\"bookmark\">Lectures du 08\/09\/2024<\/a> <span class=\"sya_author\">(par fpmavincennes)<\/span><\/div><\/li><li class=\"\"><div class=\"sya_postcontent\"><span class=\"sya_date\">samedi, ao\u00fbt 3 <span class=\"sya_sep\"> <\/span><\/span><a href=\"https:\/\/fpma-vincennes.fr\/index.php\/2024\/08\/03\/lectures-du-15-09-2024\/\" class=\"sya_postlink post-2887\" rel=\"bookmark\">Lectures du 15\/09\/2024<\/a> <span class=\"sya_author\">(par fpmavincennes)<\/span><\/div><\/li><li class=\"\"><div class=\"sya_postcontent\"><span class=\"sya_date\">samedi, ao\u00fbt 3 <span class=\"sya_sep\"> <\/span><\/span><a href=\"https:\/\/fpma-vincennes.fr\/index.php\/2024\/08\/03\/lectures-du-22-09-2024\/\" class=\"sya_postlink post-2885\" rel=\"bookmark\">Lectures du 22\/09\/2024<\/a> <span class=\"sya_author\">(par fpmavincennes)<\/span><\/div><\/li><li class=\"\"><div class=\"sya_postcontent\"><span class=\"sya_date\">samedi, ao\u00fbt 3 <span class=\"sya_sep\"> <\/span><\/span><a href=\"https:\/\/fpma-vincennes.fr\/index.php\/2024\/08\/03\/lectures-du-29-09-2024\/\" class=\"sya_postlink post-2883\" rel=\"bookmark\">Lectures du 29\/09\/2024<\/a> <span class=\"sya_author\">(par fpmavincennes)<\/span><\/div><\/li><li class=\"\"><div class=\"sya_postcontent\"><span class=\"sya_date\">samedi, ao\u00fbt 3 <span class=\"sya_sep\"> <\/span><\/span><a href=\"https:\/\/fpma-vincennes.fr\/index.php\/2024\/08\/03\/lectures-du-06-10-2024\/\" class=\"sya_postlink post-2881\" rel=\"bookmark\">Lectures du 06\/10\/2024<\/a> <span class=\"sya_author\">(par fpmavincennes)<\/span><\/div><\/li><li class=\"\"><div class=\"sya_postcontent\"><span class=\"sya_date\">samedi, ao\u00fbt 3 <span class=\"sya_sep\"> <\/span><\/span><a href=\"https:\/\/fpma-vincennes.fr\/index.php\/2024\/08\/03\/lectures-du-13-10-2024\/\" class=\"sya_postlink post-2879\" rel=\"bookmark\">Lectures du 13\/10\/2024<\/a> <span class=\"sya_author\">(par fpmavincennes)<\/span><\/div><\/li><li class=\"\"><div class=\"sya_postcontent\"><span class=\"sya_date\">samedi, ao\u00fbt 3 <span class=\"sya_sep\"> <\/span><\/span><a href=\"https:\/\/fpma-vincennes.fr\/index.php\/2024\/08\/03\/lectures-du-20-10-2024\/\" class=\"sya_postlink post-2877\" rel=\"bookmark\">Lectures du 20\/10\/2024<\/a> <span class=\"sya_author\">(par fpmavincennes)<\/span><\/div><\/li><li class=\"\"><div class=\"sya_postcontent\"><span class=\"sya_date\">samedi, ao\u00fbt 3 <span class=\"sya_sep\"> <\/span><\/span><a href=\"https:\/\/fpma-vincennes.fr\/index.php\/2024\/08\/03\/lectures-du-27-10-2024\/\" class=\"sya_postlink post-2875\" rel=\"bookmark\">Lectures du 27\/10\/2024<\/a> <span class=\"sya_author\">(par fpmavincennes)<\/span><\/div><\/li><li class=\"\"><div class=\"sya_postcontent\"><span class=\"sya_date\">vendredi, juin 21 <span class=\"sya_sep\"> <\/span><\/span><a href=\"https:\/\/fpma-vincennes.fr\/index.php\/2024\/06\/21\/lectures-du-28-07-2024\/\" class=\"sya_postlink post-2848\" rel=\"bookmark\">Lectures du 28\/07\/2024<\/a> <span class=\"sya_author\">(par fpmavincennes)<\/span><\/div><\/li><li class=\"\"><div class=\"sya_postcontent\"><span class=\"sya_date\">vendredi, juin 21 <span class=\"sya_sep\"> <\/span><\/span><a href=\"https:\/\/fpma-vincennes.fr\/index.php\/2024\/06\/21\/lectures-du-21-07-2024\/\" class=\"sya_postlink post-2846\" rel=\"bookmark\">Lectures du 21\/07\/2024<\/a> <span class=\"sya_author\">(par fpmavincennes)<\/span><\/div><\/li><li class=\"\"><div class=\"sya_postcontent\"><span class=\"sya_date\">vendredi, juin 21 <span class=\"sya_sep\"> <\/span><\/span><a href=\"https:\/\/fpma-vincennes.fr\/index.php\/2024\/06\/21\/lectures-du-14-07-2024\/\" class=\"sya_postlink post-2844\" rel=\"bookmark\">Lectures du 14\/07\/2024<\/a> <span class=\"sya_author\">(par fpmavincennes)<\/span><\/div><\/li><li class=\"\"><div class=\"sya_postcontent\"><span class=\"sya_date\">vendredi, juin 21 <span class=\"sya_sep\"> <\/span><\/span><a href=\"https:\/\/fpma-vincennes.fr\/index.php\/2024\/06\/21\/lectures-du-07-07-2024\/\" class=\"sya_postlink post-2842\" rel=\"bookmark\">Lectures du 07\/07\/2024<\/a> <span class=\"sya_author\">(par fpmavincennes)<\/span><\/div><\/li><li class=\"\"><div class=\"sya_postcontent\"><span class=\"sya_date\">samedi, juin 15 <span class=\"sya_sep\"> <\/span><\/span><a href=\"https:\/\/fpma-vincennes.fr\/index.php\/2024\/06\/15\/etude-biblique-29-jona-2024\/\" class=\"sya_postlink post-2833\" rel=\"bookmark\">Etude biblique 29 jona 2024<\/a> <span class=\"sya_author\">(par fpmavincennes)<\/span><\/div><\/li><li class=\"\"><div class=\"sya_postcontent\"><span class=\"sya_date\">vendredi, juin 7 <span class=\"sya_sep\"> <\/span><\/span><a href=\"https:\/\/fpma-vincennes.fr\/index.php\/2024\/06\/07\/spectily-08-juin-2024\/\" class=\"sya_postlink post-2822\" rel=\"bookmark\">Spectily 08 juin 2024<\/a> <span class=\"sya_author\">(par fpmavincennes)<\/span><\/div><\/li><li class=\"\"><div class=\"sya_postcontent\"><span class=\"sya_date\">samedi, juin 1 <span class=\"sya_sep\"> <\/span><\/span><a href=\"https:\/\/fpma-vincennes.fr\/index.php\/2024\/06\/01\/alim-bavaka-07-jona-2024\/\" class=\"sya_postlink post-2816\" rel=\"bookmark\">Alim-bavaka 07 jona 2024<\/a> <span class=\"sya_author\">(par fpmavincennes)<\/span><\/div><\/li><li class=\"\"><div class=\"sya_postcontent\"><span class=\"sya_date\">samedi, mai 18 <span class=\"sya_sep\"> <\/span><\/span><a href=\"https:\/\/fpma-vincennes.fr\/index.php\/2024\/05\/18\/etude-biblique-25-mai-2024\/\" class=\"sya_postlink post-2803\" rel=\"bookmark\">Etude biblique 25 mai 2024<\/a> <span class=\"sya_author\">(par fpmavincennes)<\/span><\/div><\/li><li class=\"\"><div class=\"sya_postcontent\"><span class=\"sya_date\">samedi, mai 18 <span class=\"sya_sep\"> <\/span><\/span><a href=\"https:\/\/fpma-vincennes.fr\/index.php\/2024\/05\/18\/fitsangatsanganana-lundin-20-mai-2024\/\" class=\"sya_postlink post-2795\" rel=\"bookmark\">FITSANGATSANGANANA LUNDI 20 MAI 2024<\/a> <span class=\"sya_author\">(par fpmavincennes)<\/span><\/div><\/li><li class=\"\"><div class=\"sya_postcontent\"><span class=\"sya_date\">mardi, mai 7 <span class=\"sya_sep\"> <\/span><\/span><a href=\"https:\/\/fpma-vincennes.fr\/index.php\/2024\/05\/07\/fotoam-pivavahana-fafats-09-05-2024\/\" class=\"sya_postlink post-2785\" rel=\"bookmark\">FOTOAM-PIVAVAHANA FAFATS 09\/05\/2024<\/a> <span class=\"sya_author\">(par fpmavincennes)<\/span><\/div><\/li><li class=\"\"><div class=\"sya_postcontent\"><span class=\"sya_date\">mercredi, mai 1 <span class=\"sya_sep\"> <\/span><\/span><a href=\"https:\/\/fpma-vincennes.fr\/index.php\/2024\/05\/01\/lectures-du-23-juin-2024\/\" class=\"sya_postlink post-2706\" rel=\"bookmark\">Lectures du 23 juin 2024<\/a> <span class=\"sya_author\">(par fpmavincennes)<\/span><\/div><\/li><li class=\"\"><div class=\"sya_postcontent\"><span class=\"sya_date\">mercredi, mai 1 <span class=\"sya_sep\"> <\/span><\/span><a href=\"https:\/\/fpma-vincennes.fr\/index.php\/2024\/05\/01\/lectures-du-30-juin-2024\/\" class=\"sya_postlink post-2703\" rel=\"bookmark\">Lectures du 30 juin 2024<\/a> <span class=\"sya_author\">(par fpmavincennes)<\/span><\/div><\/li><li class=\"\"><div class=\"sya_postcontent\"><span class=\"sya_date\">mercredi, mai 1 <span class=\"sya_sep\"> <\/span><\/span><a href=\"https:\/\/fpma-vincennes.fr\/index.php\/2024\/05\/01\/lectures-du-02-juin-2024\/\" class=\"sya_postlink post-2714\" rel=\"bookmark\">Lectures du 02 juin 2024<\/a> <span class=\"sya_author\">(par fpmavincennes)<\/span><\/div><\/li><li class=\"\"><div class=\"sya_postcontent\"><span class=\"sya_date\">mercredi, mai 1 <span class=\"sya_sep\"> <\/span><\/span><a href=\"https:\/\/fpma-vincennes.fr\/index.php\/2024\/05\/01\/lectures-du-16-juin-2024\/\" class=\"sya_postlink post-2708\" rel=\"bookmark\">Lectures du 16 juin 2024<\/a> <span class=\"sya_author\">(par fpmavincennes)<\/span><\/div><\/li><li class=\"\"><div class=\"sya_postcontent\"><span class=\"sya_date\">mercredi, mai 1 <span class=\"sya_sep\"> <\/span><\/span><a href=\"https:\/\/fpma-vincennes.fr\/index.php\/2024\/05\/01\/lectures-du-09-juin-2024\/\" class=\"sya_postlink post-2710\" rel=\"bookmark\">Lectures du 09 juin 2024<\/a> <span class=\"sya_author\">(par fpmavincennes)<\/span><\/div><\/li><li class=\"\"><div class=\"sya_postcontent\"><span class=\"sya_date\">samedi, avril 27 <span class=\"sya_sep\"> <\/span><\/span><a href=\"https:\/\/fpma-vincennes.fr\/index.php\/2024\/04\/27\/journee-recreative-mizara-soa-vincennes\/\" class=\"sya_postlink post-2774\" rel=\"bookmark\">Journ\u00e9e r\u00e9cr\u00e9ative Mizara Soa Vincennes<\/a> <span class=\"sya_author\">(par fpmavincennes)<\/span><\/div><\/li><li class=\"\"><div class=\"sya_postcontent\"><span class=\"sya_date\">vendredi, avril 26 <span class=\"sya_sep\"> <\/span><\/span><a href=\"https:\/\/fpma-vincennes.fr\/index.php\/2024\/04\/26\/alim-bavaka-10-mey-2024\/\" class=\"sya_postlink post-2768\" rel=\"bookmark\">Alim-bavaka 10 mey 2024<\/a> <span class=\"sya_author\">(par fpmavincennes)<\/span><\/div><\/li><li class=\"\"><div class=\"sya_postcontent\"><span class=\"sya_date\">vendredi, avril 19 <span class=\"sya_sep\"> <\/span><\/span><a href=\"https:\/\/fpma-vincennes.fr\/index.php\/2024\/04\/19\/etude-biblique-27-04-2024\/\" class=\"sya_postlink post-2759\" rel=\"bookmark\">Etude biblique 27\/04\/2024<\/a> <span class=\"sya_author\">(par fpmavincennes)<\/span><\/div><\/li><li class=\"\"><div class=\"sya_postcontent\"><span class=\"sya_date\">mardi, avril 2 <span class=\"sya_sep\"> <\/span><\/span><a href=\"https:\/\/fpma-vincennes.fr\/index.php\/2024\/04\/02\/alim-bavaka-12-04-2024\/\" class=\"sya_postlink post-2748\" rel=\"bookmark\">Alim-bavaka 12\/04\/2024<\/a> <span class=\"sya_author\">(par fpmavincennes)<\/span><\/div><\/li><li class=\"\"><div class=\"sya_postcontent\"><span class=\"sya_date\">lundi, avril 1 <span class=\"sya_sep\"> <\/span><\/span><a href=\"https:\/\/fpma-vincennes.fr\/index.php\/2024\/04\/01\/lectures-du-05-mai-2024\/\" class=\"sya_postlink post-2727\" rel=\"bookmark\">Lectures du 05 mai 2024<\/a> <span class=\"sya_author\">(par fpmavincennes)<\/span><\/div><\/li><li class=\"\"><div class=\"sya_postcontent\"><span class=\"sya_date\">lundi, avril 1 <span class=\"sya_sep\"> <\/span><\/span><a href=\"https:\/\/fpma-vincennes.fr\/index.php\/2024\/04\/01\/lectures-du-09-mai-2024\/\" class=\"sya_postlink post-2725\" rel=\"bookmark\">Lectures du 09 mai 2024<\/a> <span class=\"sya_author\">(par fpmavincennes)<\/span><\/div><\/li><li class=\"\"><div class=\"sya_postcontent\"><span class=\"sya_date\">lundi, avril 1 <span class=\"sya_sep\"> <\/span><\/span><a href=\"https:\/\/fpma-vincennes.fr\/index.php\/2024\/04\/01\/lectures-du-12-mai-2024\/\" class=\"sya_postlink post-2722\" rel=\"bookmark\">Lectures du 12 mai 2024<\/a> <span class=\"sya_author\">(par fpmavincennes)<\/span><\/div><\/li><li class=\"\"><div class=\"sya_postcontent\"><span class=\"sya_date\">lundi, avril 1 <span class=\"sya_sep\"> <\/span><\/span><a href=\"https:\/\/fpma-vincennes.fr\/index.php\/2024\/04\/01\/lectures-du-26-mai-2024\/\" class=\"sya_postlink post-2717\" rel=\"bookmark\">Lectures du 26 mai 2024<\/a> <span class=\"sya_author\">(par fpmavincennes)<\/span><\/div><\/li><li class=\"\"><div class=\"sya_postcontent\"><span class=\"sya_date\">lundi, avril 1 <span class=\"sya_sep\"> <\/span><\/span><a href=\"https:\/\/fpma-vincennes.fr\/index.php\/2024\/04\/01\/lectures-du-19-mai-2024\/\" class=\"sya_postlink post-2720\" rel=\"bookmark\">Lectures du 19 mai 2024<\/a> <span class=\"sya_author\">(par fpmavincennes)<\/span><\/div><\/li><li class=\"\"><div class=\"sya_postcontent\"><span class=\"sya_date\">mardi, mars 26 <span class=\"sya_sep\"> <\/span><\/span><a href=\"https:\/\/fpma-vincennes.fr\/index.php\/2024\/03\/26\/lectures-du-07-avril-2024\/\" class=\"sya_postlink post-2735\" rel=\"bookmark\">Lectures du 07 avril 2024<\/a> <span class=\"sya_author\">(par fpmavincennes)<\/span><\/div><\/li><li class=\"\"><div class=\"sya_postcontent\"><span class=\"sya_date\">mardi, mars 26 <span class=\"sya_sep\"> <\/span><\/span><a href=\"https:\/\/fpma-vincennes.fr\/index.php\/2024\/03\/26\/lectures-du-14-avril-2024\/\" class=\"sya_postlink post-2733\" rel=\"bookmark\">Lectures du 14 avril 2024<\/a> <span class=\"sya_author\">(par fpmavincennes)<\/span><\/div><\/li><li class=\"\"><div class=\"sya_postcontent\"><span class=\"sya_date\">mardi, mars 26 <span class=\"sya_sep\"> <\/span><\/span><a href=\"https:\/\/fpma-vincennes.fr\/index.php\/2024\/03\/26\/lectures-du-21-avril-2024\/\" class=\"sya_postlink post-2731\" rel=\"bookmark\">Lectures du 21 avril 2024<\/a> <span class=\"sya_author\">(par fpmavincennes)<\/span><\/div><\/li><li class=\"\"><div class=\"sya_postcontent\"><span class=\"sya_date\">mardi, mars 26 <span class=\"sya_sep\"> <\/span><\/span><a href=\"https:\/\/fpma-vincennes.fr\/index.php\/2024\/03\/26\/lectures-du-28-avril-2024\/\" class=\"sya_postlink post-2729\" rel=\"bookmark\">Lectures du 28 avril 2024<\/a> <span class=\"sya_author\">(par fpmavincennes)<\/span><\/div><\/li><li class=\"\"><div class=\"sya_postcontent\"><span class=\"sya_date\">vendredi, mars 22 <span class=\"sya_sep\"> <\/span><\/span><a href=\"https:\/\/fpma-vincennes.fr\/index.php\/2024\/03\/22\/etude-biblique-23-03-2024\/\" class=\"sya_postlink post-2695\" rel=\"bookmark\">Etude biblique 23\/03\/2024<\/a> <span class=\"sya_author\">(par fpmavincennes)<\/span><\/div><\/li><li class=\"\"><div class=\"sya_postcontent\"><span class=\"sya_date\">mardi, mars 12 <span class=\"sya_sep\"> <\/span><\/span><a href=\"https:\/\/fpma-vincennes.fr\/index.php\/2024\/03\/12\/fotoam-pivavahana-fafats-14-03-2024\/\" class=\"sya_postlink post-2675\" rel=\"bookmark\">FOTOAM-PIVAVAHANA FAFATS 14\/03\/2024<\/a> <span class=\"sya_author\">(par fpmavincennes)<\/span><\/div><\/li><li class=\"\"><div class=\"sya_postcontent\"><span class=\"sya_date\">jeudi, mars 7 <span class=\"sya_sep\"> <\/span><\/span><a href=\"https:\/\/fpma-vincennes.fr\/index.php\/2024\/03\/07\/alim-bavaka-08-03-2024\/\" class=\"sya_postlink post-2668\" rel=\"bookmark\">Alim-bavaka 08\/03\/2024<\/a> <span class=\"sya_author\">(par fpmavincennes)<\/span><\/div><\/li><li class=\"\"><div class=\"sya_postcontent\"><span class=\"sya_date\">lundi, f\u00e9vrier 19 <span class=\"sya_sep\"> <\/span><\/span><a href=\"https:\/\/fpma-vincennes.fr\/index.php\/2024\/02\/19\/etude-biblique-24-02-2024\/\" class=\"sya_postlink post-2637\" rel=\"bookmark\">Etude biblique 24\/02\/2024<\/a> <span class=\"sya_author\">(par fpmavincennes)<\/span><\/div><\/li><li class=\"\"><div class=\"sya_postcontent\"><span class=\"sya_date\">dimanche, f\u00e9vrier 4 <span class=\"sya_sep\"> <\/span><\/span><a href=\"https:\/\/fpma-vincennes.fr\/index.php\/2024\/02\/04\/lectures-du-17-mars-2024\/\" class=\"sya_postlink post-2559\" rel=\"bookmark\">Lectures du 17 mars 2024<\/a> <span class=\"sya_author\">(par fpmavincennes)<\/span><\/div><\/li><li class=\"\"><div class=\"sya_postcontent\"><span class=\"sya_date\">vendredi, f\u00e9vrier 2 <span class=\"sya_sep\"> <\/span><\/span><a href=\"https:\/\/fpma-vincennes.fr\/index.php\/2024\/02\/02\/alim-bavaka-09-02-2024\/\" class=\"sya_postlink post-2622\" rel=\"bookmark\">Alim-bavaka 09\/02\/2024<\/a> <span class=\"sya_author\">(par fpmavincennes)<\/span><\/div><\/li><li class=\"\"><div class=\"sya_postcontent\"><span class=\"sya_date\">jeudi, f\u00e9vrier 1 <span class=\"sya_sep\"> <\/span><\/span><a href=\"https:\/\/fpma-vincennes.fr\/index.php\/2024\/02\/01\/lectures-du-30-mars-2024\/\" class=\"sya_postlink post-2551\" rel=\"bookmark\">Lectures du 30 mars 2024<\/a> <span class=\"sya_author\">(par fpmavincennes)<\/span><\/div><\/li><li class=\"\"><div class=\"sya_postcontent\"><span class=\"sya_date\">jeudi, f\u00e9vrier 1 <span class=\"sya_sep\"> <\/span><\/span><a href=\"https:\/\/fpma-vincennes.fr\/index.php\/2024\/02\/01\/lectures-du-29-mars-2024\/\" class=\"sya_postlink post-2553\" rel=\"bookmark\">Lectures du 29 mars 2024<\/a> <span class=\"sya_author\">(par fpmavincennes)<\/span><\/div><\/li><li class=\"\"><div class=\"sya_postcontent\"><span class=\"sya_date\">jeudi, f\u00e9vrier 1 <span class=\"sya_sep\"> <\/span><\/span><a href=\"https:\/\/fpma-vincennes.fr\/index.php\/2024\/02\/01\/lectures-du-31-mars-2024\/\" class=\"sya_postlink post-2548\" rel=\"bookmark\">Lectures du 31 mars 2024<\/a> <span class=\"sya_author\">(par fpmavincennes)<\/span><\/div><\/li><li class=\"\"><div class=\"sya_postcontent\"><span class=\"sya_date\">jeudi, f\u00e9vrier 1 <span class=\"sya_sep\"> <\/span><\/span><a href=\"https:\/\/fpma-vincennes.fr\/index.php\/2024\/02\/01\/lectures-du-10-mars-2024\/\" class=\"sya_postlink post-2561\" rel=\"bookmark\">Lectures du 10 mars 2024<\/a> <span class=\"sya_author\">(par fpmavincennes)<\/span><\/div><\/li><li class=\"\"><div class=\"sya_postcontent\"><span class=\"sya_date\">jeudi, f\u00e9vrier 1 <span class=\"sya_sep\"> <\/span><\/span><a href=\"https:\/\/fpma-vincennes.fr\/index.php\/2024\/02\/01\/lectures-du-28-mars-2024\/\" class=\"sya_postlink post-2555\" rel=\"bookmark\">Lectures du 28 mars 2024<\/a> <span class=\"sya_author\">(par fpmavincennes)<\/span><\/div><\/li><li class=\"\"><div class=\"sya_postcontent\"><span class=\"sya_date\">jeudi, f\u00e9vrier 1 <span class=\"sya_sep\"> <\/span><\/span><a href=\"https:\/\/fpma-vincennes.fr\/index.php\/2024\/02\/01\/lectures-du-24-mars-2024\/\" class=\"sya_postlink post-2557\" rel=\"bookmark\">Lectures du 24 mars 2024<\/a> <span class=\"sya_author\">(par fpmavincennes)<\/span><\/div><\/li><li class=\"\"><div class=\"sya_postcontent\"><span class=\"sya_date\">jeudi, f\u00e9vrier 1 <span class=\"sya_sep\"> <\/span><\/span><a href=\"https:\/\/fpma-vincennes.fr\/index.php\/2024\/02\/01\/lectures-du-03-mars-2024\/\" class=\"sya_postlink post-2563\" rel=\"bookmark\">Lectures du 03 mars 2024<\/a> <span class=\"sya_author\">(par fpmavincennes)<\/span><\/div><\/li><li class=\"\"><div class=\"sya_postcontent\"><span class=\"sya_date\">mercredi, janvier 24 <span class=\"sya_sep\"> <\/span><\/span><a href=\"https:\/\/fpma-vincennes.fr\/index.php\/2024\/01\/24\/etude-biblique-27-01-2024\/\" class=\"sya_postlink post-2604\" rel=\"bookmark\">Etude biblique 27\/01\/2024<\/a> <span class=\"sya_author\">(par fpmavincennes)<\/span><\/div><\/li><li class=\"\"><div class=\"sya_postcontent\"><span class=\"sya_date\">samedi, janvier 6 <span class=\"sya_sep\"> <\/span><\/span><a href=\"https:\/\/fpma-vincennes.fr\/index.php\/2024\/01\/06\/alim-bavaka-12-janoary-2024\/\" class=\"sya_postlink post-2590\" rel=\"bookmark\">Alim-bavaka 12 janoary 2024<\/a> <span class=\"sya_author\">(par fpmavincennes)<\/span><\/div><\/li><li class=\"\"><div class=\"sya_postcontent\"><span class=\"sya_date\">jeudi, janvier 4 <span class=\"sya_sep\"> <\/span><\/span><a href=\"https:\/\/fpma-vincennes.fr\/index.php\/2024\/01\/04\/lectures-du-04-fevrier-2024\/\" class=\"sya_postlink post-2571\" rel=\"bookmark\">Lectures du 04 f\u00e9vrier 2024<\/a> <span class=\"sya_author\">(par fpmavincennes)<\/span><\/div><\/li><li class=\"\"><div class=\"sya_postcontent\"><span class=\"sya_date\">jeudi, janvier 4 <span class=\"sya_sep\"> <\/span><\/span><a href=\"https:\/\/fpma-vincennes.fr\/index.php\/2024\/01\/04\/lectures-du-11-fevrier-2024\/\" class=\"sya_postlink post-2569\" rel=\"bookmark\">Lectures du 11 f\u00e9vrier 2024<\/a> <span class=\"sya_author\">(par fpmavincennes)<\/span><\/div><\/li><li class=\"\"><div class=\"sya_postcontent\"><span class=\"sya_date\">lundi, janvier 1 <span class=\"sya_sep\"> <\/span><\/span><a href=\"https:\/\/fpma-vincennes.fr\/index.php\/2024\/01\/01\/lectures-du-28-janvier-2024\/\" class=\"sya_postlink post-2573\" rel=\"bookmark\">Lectures du 28 janvier 2024<\/a> <span class=\"sya_author\">(par fpmavincennes)<\/span><\/div><\/li><li class=\"\"><div class=\"sya_postcontent\"><span class=\"sya_date\">lundi, janvier 1 <span class=\"sya_sep\"> <\/span><\/span><a href=\"https:\/\/fpma-vincennes.fr\/index.php\/2024\/01\/01\/lectures-du-07-janvier-2024\/\" class=\"sya_postlink post-2580\" rel=\"bookmark\">Lectures du 07 janvier 2024<\/a> <span class=\"sya_author\">(par fpmavincennes)<\/span><\/div><\/li><li class=\"\"><div class=\"sya_postcontent\"><span class=\"sya_date\">lundi, janvier 1 <span class=\"sya_sep\"> <\/span><\/span><a href=\"https:\/\/fpma-vincennes.fr\/index.php\/2024\/01\/01\/lectures-du-14-janvier-2024\/\" class=\"sya_postlink post-2578\" rel=\"bookmark\">Lectures du 14 janvier 2024<\/a> <span class=\"sya_author\">(par fpmavincennes)<\/span><\/div><\/li><li class=\"\"><div class=\"sya_postcontent\"><span class=\"sya_date\">lundi, janvier 1 <span class=\"sya_sep\"> <\/span><\/span><a href=\"https:\/\/fpma-vincennes.fr\/index.php\/2024\/01\/01\/lectures-du-18-fevrier-2024\/\" class=\"sya_postlink post-2567\" rel=\"bookmark\">Lectures du 18 f\u00e9vrier 2024<\/a> <span class=\"sya_author\">(par fpmavincennes)<\/span><\/div><\/li><li class=\"\"><div class=\"sya_postcontent\"><span class=\"sya_date\">lundi, janvier 1 <span class=\"sya_sep\"> <\/span><\/span><a href=\"https:\/\/fpma-vincennes.fr\/index.php\/2024\/01\/01\/lectures-du-25-fevrier-2024\/\" class=\"sya_postlink post-2565\" rel=\"bookmark\">Lectures du 25 f\u00e9vrier 2024<\/a> <span class=\"sya_author\">(par fpmavincennes)<\/span><\/div><\/li><li class=\"\"><div class=\"sya_postcontent\"><span class=\"sya_date\">lundi, janvier 1 <span class=\"sya_sep\"> <\/span><\/span><a href=\"https:\/\/fpma-vincennes.fr\/index.php\/2024\/01\/01\/lectures-du-21-janvier-2024\/\" class=\"sya_postlink post-2575\" rel=\"bookmark\">Lectures du 21 janvier 2024<\/a> <span class=\"sya_author\">(par fpmavincennes)<\/span><\/div><\/li><\/ul><a id=\"year2023\"><\/a>2023<ul><li class=\"\"><div class=\"sya_postcontent\"><span class=\"sya_date\">samedi, d\u00e9cembre 2 <span class=\"sya_sep\"> <\/span><\/span><a href=\"https:\/\/fpma-vincennes.fr\/index.php\/2023\/12\/02\/alim-bavaka-15-12-2023\/\" class=\"sya_postlink post-2520\" rel=\"bookmark\">Alim-bavaka 15\/12\/2023<\/a> <span class=\"sya_author\">(par fpmavincennes)<\/span><\/div><\/li><li class=\"\"><div class=\"sya_postcontent\"><span class=\"sya_date\">vendredi, novembre 24 <span class=\"sya_sep\"> <\/span><\/span><a href=\"https:\/\/fpma-vincennes.fr\/index.php\/2023\/11\/24\/etude-biblique-25-11-2023\/\" class=\"sya_postlink post-2509\" rel=\"bookmark\">Etude biblique 25\/11\/2023<\/a> <span class=\"sya_author\">(par fpmavincennes)<\/span><\/div><\/li><li class=\"\"><div class=\"sya_postcontent\"><span class=\"sya_date\">samedi, novembre 11 <span class=\"sya_sep\"> <\/span><\/span><a href=\"https:\/\/fpma-vincennes.fr\/index.php\/2023\/11\/11\/alim-bavaka-17-novembre-2023\/\" class=\"sya_postlink post-2498\" rel=\"bookmark\">Alim-bavaka 17 novembre 2023<\/a> <span class=\"sya_author\">(par fpmavincennes)<\/span><\/div><\/li><li class=\"\"><div class=\"sya_postcontent\"><span class=\"sya_date\">jeudi, novembre 2 <span class=\"sya_sep\"> <\/span><\/span><a href=\"https:\/\/fpma-vincennes.fr\/index.php\/2023\/11\/02\/lectures-du-31-decembre-2023\/\" class=\"sya_postlink post-2486\" rel=\"bookmark\">Lectures du 31 d\u00e9cembre 2023<\/a> <span class=\"sya_author\">(par fpmavincennes)<\/span><\/div><\/li><li class=\"\"><div class=\"sya_postcontent\"><span class=\"sya_date\">jeudi, novembre 2 <span class=\"sya_sep\"> <\/span><\/span><a href=\"https:\/\/fpma-vincennes.fr\/index.php\/2023\/11\/02\/lectures-du-25-decembre-2023\/\" class=\"sya_postlink post-2484\" rel=\"bookmark\">Lectures du 25 d\u00e9cembre 2023<\/a> <span class=\"sya_author\">(par fpmavincennes)<\/span><\/div><\/li><li class=\"\"><div class=\"sya_postcontent\"><span class=\"sya_date\">jeudi, novembre 2 <span class=\"sya_sep\"> <\/span><\/span><a href=\"https:\/\/fpma-vincennes.fr\/index.php\/2023\/11\/02\/lectures-du-24-decembre-2023\/\" class=\"sya_postlink post-2482\" rel=\"bookmark\">Lectures du 24 d\u00e9cembre 2023<\/a> <span class=\"sya_author\">(par fpmavincennes)<\/span><\/div><\/li><li class=\"\"><div class=\"sya_postcontent\"><span class=\"sya_date\">jeudi, novembre 2 <span class=\"sya_sep\"> <\/span><\/span><a href=\"https:\/\/fpma-vincennes.fr\/index.php\/2023\/11\/02\/lectures-du-17-decembre-2023\/\" class=\"sya_postlink post-2480\" rel=\"bookmark\">Lectures du 17 d\u00e9cembre 2023<\/a> <span class=\"sya_author\">(par fpmavincennes)<\/span><\/div><\/li><li class=\"\"><div class=\"sya_postcontent\"><span class=\"sya_date\">jeudi, novembre 2 <span class=\"sya_sep\"> <\/span><\/span><a href=\"https:\/\/fpma-vincennes.fr\/index.php\/2023\/11\/02\/lectures-du-10-decembre-2023\/\" class=\"sya_postlink post-2478\" rel=\"bookmark\">Lectures du 10 d\u00e9cembre 2023<\/a> <span class=\"sya_author\">(par fpmavincennes)<\/span><\/div><\/li><li class=\"\"><div class=\"sya_postcontent\"><span class=\"sya_date\">jeudi, novembre 2 <span class=\"sya_sep\"> <\/span><\/span><a href=\"https:\/\/fpma-vincennes.fr\/index.php\/2023\/11\/02\/lectures-du-03-decembre-2023\/\" class=\"sya_postlink post-2475\" rel=\"bookmark\">Lectures du 03 d\u00e9cembre 2023<\/a> <span class=\"sya_author\">(par fpmavincennes)<\/span><\/div><\/li><li class=\"\"><div class=\"sya_postcontent\"><span class=\"sya_date\">samedi, octobre 21 <span class=\"sya_sep\"> <\/span><\/span><a href=\"https:\/\/fpma-vincennes.fr\/index.php\/2023\/10\/21\/etude-biblique-28-10-2023\/\" class=\"sya_postlink post-2456\" rel=\"bookmark\">Etude biblique 28\/10\/2023<\/a> <span class=\"sya_author\">(par fpmavincennes)<\/span><\/div><\/li><li class=\"\"><div class=\"sya_postcontent\"><span class=\"sya_date\">samedi, octobre 7 <span class=\"sya_sep\"> <\/span><\/span><a href=\"https:\/\/fpma-vincennes.fr\/index.php\/2023\/10\/07\/cellule-de-priere-20-10-2023\/\" class=\"sya_postlink post-2443\" rel=\"bookmark\">Cellule de pri\u00e8re 20\/10\/2023<\/a> <span class=\"sya_author\">(par fpmavincennes)<\/span><\/div><\/li><li class=\"\"><div class=\"sya_postcontent\"><span class=\"sya_date\">dimanche, octobre 1 <span class=\"sya_sep\"> <\/span><\/span><a href=\"https:\/\/fpma-vincennes.fr\/index.php\/2023\/10\/01\/lectures-du-19-novembre-2023\/\" class=\"sya_postlink post-2365\" rel=\"bookmark\">Lectures du 19 novembre 2023<\/a> <span class=\"sya_author\">(par fpmavincennes)<\/span><\/div><\/li><li class=\"\"><div class=\"sya_postcontent\"><span class=\"sya_date\">dimanche, octobre 1 <span class=\"sya_sep\"> <\/span><\/span><a href=\"https:\/\/fpma-vincennes.fr\/index.php\/2023\/10\/01\/lectures-du-26-novembre-2023\/\" class=\"sya_postlink post-2363\" rel=\"bookmark\">Lectures du 26 novembre 2023<\/a> <span class=\"sya_author\">(par fpmavincennes)<\/span><\/div><\/li><li class=\"\"><div class=\"sya_postcontent\"><span class=\"sya_date\">dimanche, octobre 1 <span class=\"sya_sep\"> <\/span><\/span><a href=\"https:\/\/fpma-vincennes.fr\/index.php\/2023\/10\/01\/lectures-du-12-novembre-2023\/\" class=\"sya_postlink post-2368\" rel=\"bookmark\">Lectures du 12 novembre 2023<\/a> <span class=\"sya_author\">(par fpmavincennes)<\/span><\/div><\/li><li class=\"\"><div class=\"sya_postcontent\"><span class=\"sya_date\">dimanche, octobre 1 <span class=\"sya_sep\"> <\/span><\/span><a href=\"https:\/\/fpma-vincennes.fr\/index.php\/2023\/10\/01\/lectures-du-05-novembre-2023\/\" class=\"sya_postlink post-2370\" rel=\"bookmark\">Lectures du 05 novembre 2023<\/a> <span class=\"sya_author\">(par fpmavincennes)<\/span><\/div><\/li><li class=\"\"><div class=\"sya_postcontent\"><span class=\"sya_date\">vendredi, septembre 1 <span class=\"sya_sep\"> <\/span><\/span><a href=\"https:\/\/fpma-vincennes.fr\/index.php\/2023\/09\/01\/lectures-du-01-octobre-2023\/\" class=\"sya_postlink post-2382\" rel=\"bookmark\">Lectures du 01 octobre 2023<\/a> <span class=\"sya_author\">(par fpmavincennes)<\/span><\/div><\/li><li class=\"\"><div class=\"sya_postcontent\"><span class=\"sya_date\">vendredi, septembre 1 <span class=\"sya_sep\"> <\/span><\/span><a href=\"https:\/\/fpma-vincennes.fr\/index.php\/2023\/09\/01\/lectures-du-08-octobre-2023\/\" class=\"sya_postlink post-2380\" rel=\"bookmark\">Lectures du 08 octobre 2023<\/a> <span class=\"sya_author\">(par fpmavincennes)<\/span><\/div><\/li><li class=\"\"><div class=\"sya_postcontent\"><span class=\"sya_date\">vendredi, septembre 1 <span class=\"sya_sep\"> <\/span><\/span><a href=\"https:\/\/fpma-vincennes.fr\/index.php\/2023\/09\/01\/lectures-du-29-octobre-2023\/\" class=\"sya_postlink post-2373\" rel=\"bookmark\">Lectures du 29 octobre 2023<\/a> <span class=\"sya_author\">(par fpmavincennes)<\/span><\/div><\/li><li class=\"\"><div class=\"sya_postcontent\"><span class=\"sya_date\">vendredi, septembre 1 <span class=\"sya_sep\"> <\/span><\/span><a href=\"https:\/\/fpma-vincennes.fr\/index.php\/2023\/09\/01\/lectures-du-22-octobre-2023\/\" class=\"sya_postlink post-2375\" rel=\"bookmark\">Lectures du 22 octobre 2023<\/a> <span class=\"sya_author\">(par fpmavincennes)<\/span><\/div><\/li><li class=\"\"><div class=\"sya_postcontent\"><span class=\"sya_date\">vendredi, septembre 1 <span class=\"sya_sep\"> <\/span><\/span><a href=\"https:\/\/fpma-vincennes.fr\/index.php\/2023\/09\/01\/lectures-du-15-octobre-2023\/\" class=\"sya_postlink post-2377\" rel=\"bookmark\">Lectures du 15 octobre 2023<\/a> <span class=\"sya_author\">(par fpmavincennes)<\/span><\/div><\/li><li class=\"\"><div class=\"sya_postcontent\"><span class=\"sya_date\">mardi, ao\u00fbt 1 <span class=\"sya_sep\"> <\/span><\/span><a href=\"https:\/\/fpma-vincennes.fr\/index.php\/2023\/08\/01\/lectures-du-10-septembre-2023\/\" class=\"sya_postlink post-2259\" rel=\"bookmark\">Lectures du 10 septembre 2023<\/a> <span class=\"sya_author\">(par fpmavincennes)<\/span><\/div><\/li><li class=\"\"><div class=\"sya_postcontent\"><span class=\"sya_date\">mardi, ao\u00fbt 1 <span class=\"sya_sep\"> <\/span><\/span><a href=\"https:\/\/fpma-vincennes.fr\/index.php\/2023\/08\/01\/lectures-du-03-septembre-2023\/\" class=\"sya_postlink post-2263\" rel=\"bookmark\">Lectures du 03 septembre 2023<\/a> <span class=\"sya_author\">(par fpmavincennes)<\/span><\/div><\/li><li class=\"\"><div class=\"sya_postcontent\"><span class=\"sya_date\">mardi, ao\u00fbt 1 <span class=\"sya_sep\"> <\/span><\/span><a href=\"https:\/\/fpma-vincennes.fr\/index.php\/2023\/08\/01\/lectures-du-17-septembre-2023\/\" class=\"sya_postlink post-2257\" rel=\"bookmark\">Lectures du 17 septembre 2023<\/a> <span class=\"sya_author\">(par fpmavincennes)<\/span><\/div><\/li><li class=\"\"><div class=\"sya_postcontent\"><span class=\"sya_date\">mardi, ao\u00fbt 1 <span class=\"sya_sep\"> <\/span><\/span><a href=\"https:\/\/fpma-vincennes.fr\/index.php\/2023\/08\/01\/lectures-du-24-septembre-2023\/\" class=\"sya_postlink post-2253\" rel=\"bookmark\">Lectures du 24 septembre 2023<\/a> <span class=\"sya_author\">(par fpmavincennes)<\/span><\/div><\/li><li class=\"\"><div class=\"sya_postcontent\"><span class=\"sya_date\">samedi, juillet 1 <span class=\"sya_sep\"> <\/span><\/span><a href=\"https:\/\/fpma-vincennes.fr\/index.php\/2023\/07\/01\/lectures-du-13-aout-2023\/\" class=\"sya_postlink post-2276\" rel=\"bookmark\">Lectures du 13 ao\u00fbt 2023<\/a> <span class=\"sya_author\">(par fpmavincennes)<\/span><\/div><\/li><li class=\"\"><div class=\"sya_postcontent\"><span class=\"sya_date\">samedi, juillet 1 <span class=\"sya_sep\"> <\/span><\/span><a href=\"https:\/\/fpma-vincennes.fr\/index.php\/2023\/07\/01\/lectures-du-27-aout-2023\/\" class=\"sya_postlink post-2270\" rel=\"bookmark\">Lectures du 27 ao\u00fbt 2023<\/a> <span class=\"sya_author\">(par fpmavincennes)<\/span><\/div><\/li><li class=\"\"><div class=\"sya_postcontent\"><span class=\"sya_date\">samedi, juillet 1 <span class=\"sya_sep\"> <\/span><\/span><a href=\"https:\/\/fpma-vincennes.fr\/index.php\/2023\/07\/01\/lectures-du-20-aout-2023\/\" class=\"sya_postlink post-2272\" rel=\"bookmark\">Lectures du 20 ao\u00fbt 2023<\/a> <span class=\"sya_author\">(par fpmavincennes)<\/span><\/div><\/li><li class=\"\"><div class=\"sya_postcontent\"><span class=\"sya_date\">samedi, juillet 1 <span class=\"sya_sep\"> <\/span><\/span><a href=\"https:\/\/fpma-vincennes.fr\/index.php\/2023\/07\/01\/lectures-du-06-aout-2023\/\" class=\"sya_postlink post-2278\" rel=\"bookmark\">Lectures du 06 ao\u00fbt 2023<\/a> <span class=\"sya_author\">(par fpmavincennes)<\/span><\/div><\/li><li class=\"\"><div class=\"sya_postcontent\"><span class=\"sya_date\">vendredi, juin 23 <span class=\"sya_sep\"> <\/span><\/span><a href=\"https:\/\/fpma-vincennes.fr\/index.php\/2023\/06\/23\/etude-biblique-24-06-2023\/\" class=\"sya_postlink post-2331\" rel=\"bookmark\">Etude biblique 24\/06\/2023<\/a> <span class=\"sya_author\">(par fpmavincennes)<\/span><\/div><\/li><li class=\"\"><div class=\"sya_postcontent\"><span class=\"sya_date\">samedi, juin 3 <span class=\"sya_sep\"> <\/span><\/span><a href=\"https:\/\/fpma-vincennes.fr\/index.php\/2023\/06\/03\/alim-bavaka-16-jona-2023\/\" class=\"sya_postlink post-2316\" rel=\"bookmark\">Alim-bavaka 16 jona 2023<\/a> <span class=\"sya_author\">(par fpmavincennes)<\/span><\/div><\/li><li class=\"\"><div class=\"sya_postcontent\"><span class=\"sya_date\">jeudi, juin 1 <span class=\"sya_sep\"> <\/span><\/span><a href=\"https:\/\/fpma-vincennes.fr\/index.php\/2023\/06\/01\/lectures-du-02-juillet-2023\/\" class=\"sya_postlink post-2290\" rel=\"bookmark\">Lectures du 02 juillet 2023<\/a> <span class=\"sya_author\">(par fpmavincennes)<\/span><\/div><\/li><li class=\"\"><div class=\"sya_postcontent\"><span class=\"sya_date\">jeudi, juin 1 <span class=\"sya_sep\"> <\/span><\/span><a href=\"https:\/\/fpma-vincennes.fr\/index.php\/2023\/06\/01\/lectures-du-23-juillet-2023\/\" class=\"sya_postlink post-2282\" rel=\"bookmark\">Lectures du 23 juillet 2023<\/a> <span class=\"sya_author\">(par fpmavincennes)<\/span><\/div><\/li><li class=\"\"><div class=\"sya_postcontent\"><span class=\"sya_date\">jeudi, juin 1 <span class=\"sya_sep\"> <\/span><\/span><a href=\"https:\/\/fpma-vincennes.fr\/index.php\/2023\/06\/01\/lectures-du-30-juillet-2023\/\" class=\"sya_postlink post-2280\" rel=\"bookmark\">Lectures du 30 juillet 2023<\/a> <span class=\"sya_author\">(par fpmavincennes)<\/span><\/div><\/li><li class=\"\"><div class=\"sya_postcontent\"><span class=\"sya_date\">jeudi, juin 1 <span class=\"sya_sep\"> <\/span><\/span><a href=\"https:\/\/fpma-vincennes.fr\/index.php\/2023\/06\/01\/lectures-du-09-juillet-2023\/\" class=\"sya_postlink post-2288\" rel=\"bookmark\">Lectures du 09 juillet 2023<\/a> <span class=\"sya_author\">(par fpmavincennes)<\/span><\/div><\/li><li class=\"\"><div class=\"sya_postcontent\"><span class=\"sya_date\">jeudi, juin 1 <span class=\"sya_sep\"> <\/span><\/span><a href=\"https:\/\/fpma-vincennes.fr\/index.php\/2023\/06\/01\/lectures-du-16-juillet-2023\/\" class=\"sya_postlink post-2286\" rel=\"bookmark\">Lectures du 16 juillet 2023<\/a> <span class=\"sya_author\">(par fpmavincennes)<\/span><\/div><\/li><li class=\"\"><div class=\"sya_postcontent\"><span class=\"sya_date\">dimanche, mai 28 <span class=\"sya_sep\"> <\/span><\/span><a href=\"https:\/\/fpma-vincennes.fr\/index.php\/2023\/05\/28\/brocante-lundi-29-05-2023\/\" class=\"sya_postlink post-2308\" rel=\"bookmark\">Brocante Lundi 29\/05\/2023<\/a> <span class=\"sya_author\">(par fpmavincennes)<\/span><\/div><\/li><li class=\"\"><div class=\"sya_postcontent\"><span class=\"sya_date\">dimanche, mai 28 <span class=\"sya_sep\"> <\/span><\/span><a href=\"https:\/\/fpma-vincennes.fr\/index.php\/2023\/05\/28\/lectures-du-04-juin-2023\/\" class=\"sya_postlink post-2299\" rel=\"bookmark\">Lectures du 04 juin 2023<\/a> <span class=\"sya_author\">(par fpmavincennes)<\/span><\/div><\/li><li class=\"\"><div class=\"sya_postcontent\"><span class=\"sya_date\">dimanche, mai 28 <span class=\"sya_sep\"> <\/span><\/span><a href=\"https:\/\/fpma-vincennes.fr\/index.php\/2023\/05\/28\/lectures-du-11-juin-2023\/\" class=\"sya_postlink post-2297\" rel=\"bookmark\">Lectures du 11 juin 2023<\/a> <span class=\"sya_author\">(par fpmavincennes)<\/span><\/div><\/li><li class=\"\"><div class=\"sya_postcontent\"><span class=\"sya_date\">dimanche, mai 28 <span class=\"sya_sep\"> <\/span><\/span><a href=\"https:\/\/fpma-vincennes.fr\/index.php\/2023\/05\/28\/lectures-du-18-juin-2023\/\" class=\"sya_postlink post-2295\" rel=\"bookmark\">Lectures du 18 juin 2023<\/a> <span class=\"sya_author\">(par fpmavincennes)<\/span><\/div><\/li><li class=\"\"><div class=\"sya_postcontent\"><span class=\"sya_date\">dimanche, mai 28 <span class=\"sya_sep\"> <\/span><\/span><a href=\"https:\/\/fpma-vincennes.fr\/index.php\/2023\/05\/28\/lectures-du-25-juin-2023\/\" class=\"sya_postlink post-2293\" rel=\"bookmark\">Lectures du 25 juin 2023<\/a> <span class=\"sya_author\">(par fpmavincennes)<\/span><\/div><\/li><li class=\"\"><div class=\"sya_postcontent\"><span class=\"sya_date\">mercredi, mai 24 <span class=\"sya_sep\"> <\/span><\/span><a href=\"https:\/\/fpma-vincennes.fr\/index.php\/2023\/05\/24\/etude-biblique-27-05-2023\/\" class=\"sya_postlink post-2240\" rel=\"bookmark\">Etude biblique 27\/05\/2023<\/a> <span class=\"sya_author\">(par fpmavincennes)<\/span><\/div><\/li><li class=\"\"><div class=\"sya_postcontent\"><span class=\"sya_date\">vendredi, mai 19 <span class=\"sya_sep\"> <\/span><\/span><a href=\"https:\/\/fpma-vincennes.fr\/index.php\/2023\/05\/19\/lectures-du-21-mai-2023\/\" class=\"sya_postlink post-2209\" rel=\"bookmark\">Lectures du 21 mai 2023<\/a> <span class=\"sya_author\">(par fpmavincennes)<\/span><\/div><\/li><li class=\"\"><div class=\"sya_postcontent\"><span class=\"sya_date\">samedi, mai 13 <span class=\"sya_sep\"> <\/span><\/span><a href=\"https:\/\/fpma-vincennes.fr\/index.php\/2023\/05\/13\/alim-bavaka-zoma-19-may-2023\/\" class=\"sya_postlink post-2222\" rel=\"bookmark\">Alim-bavaka zoma 19 may 2023<\/a> <span class=\"sya_author\">(par fpmavincennes)<\/span><\/div><\/li><li class=\"\"><div class=\"sya_postcontent\"><span class=\"sya_date\">dimanche, mai 7 <span class=\"sya_sep\"> <\/span><\/span><a href=\"https:\/\/fpma-vincennes.fr\/index.php\/2023\/05\/07\/lectures-du-28-mai-2023\/\" class=\"sya_postlink post-2211\" rel=\"bookmark\">Lectures du 28 mai 2023<\/a> <span class=\"sya_author\">(par fpmavincennes)<\/span><\/div><\/li><li class=\"\"><div class=\"sya_postcontent\"><span class=\"sya_date\">dimanche, mai 7 <span class=\"sya_sep\"> <\/span><\/span><a href=\"https:\/\/fpma-vincennes.fr\/index.php\/2023\/05\/07\/lectures-du-14-mai-2023\/\" class=\"sya_postlink post-2207\" rel=\"bookmark\">Lectures du 14 mai 2023<\/a> <span class=\"sya_author\">(par fpmavincennes)<\/span><\/div><\/li><li class=\"\"><div class=\"sya_postcontent\"><span class=\"sya_date\">dimanche, mai 7 <span class=\"sya_sep\"> <\/span><\/span><a href=\"https:\/\/fpma-vincennes.fr\/index.php\/2023\/05\/07\/lectures-du-07-mai-2023\/\" class=\"sya_postlink post-2205\" rel=\"bookmark\">Lectures du 07 mai 2023<\/a> <span class=\"sya_author\">(par fpmavincennes)<\/span><\/div><\/li><li class=\"\"><div class=\"sya_postcontent\"><span class=\"sya_date\">vendredi, avril 21 <span class=\"sya_sep\"> <\/span><\/span><a href=\"https:\/\/fpma-vincennes.fr\/index.php\/2023\/04\/21\/etude-biblique-29-04-2023-a-18h\/\" class=\"sya_postlink post-2193\" rel=\"bookmark\">Etude biblique 29\/04\/2023 \u00e0 18h<\/a> <span class=\"sya_author\">(par fpmavincennes)<\/span><\/div><\/li><li class=\"\"><div class=\"sya_postcontent\"><span class=\"sya_date\">lundi, avril 17 <span class=\"sya_sep\"> <\/span><\/span><a href=\"https:\/\/fpma-vincennes.fr\/index.php\/2023\/04\/17\/alim-bavaka-zoma-21-04-2023\/\" class=\"sya_postlink post-2186\" rel=\"bookmark\">Alim-bavaka zoma 21\/04\/2023<\/a> <span class=\"sya_author\">(par fpmavincennes)<\/span><\/div><\/li><li class=\"\"><div class=\"sya_postcontent\"><span class=\"sya_date\">jeudi, mars 16 <span class=\"sya_sep\"> <\/span><\/span><a href=\"https:\/\/fpma-vincennes.fr\/index.php\/2023\/03\/16\/etude-biblique-25-03-2023-a-18-h\/\" class=\"sya_postlink post-2150\" rel=\"bookmark\">Etude biblique 25\/03\/2023 \u00e0 18 h<\/a> <span class=\"sya_author\">(par fpmavincennes)<\/span><\/div><\/li><li class=\"\"><div class=\"sya_postcontent\"><span class=\"sya_date\">vendredi, mars 10 <span class=\"sya_sep\"> <\/span><\/span><a href=\"https:\/\/fpma-vincennes.fr\/index.php\/2023\/03\/10\/lectures-du-30-avril-2023\/\" class=\"sya_postlink post-2136\" rel=\"bookmark\">Lectures du 30 avril 2023<\/a> <span class=\"sya_author\">(par fpmavincennes)<\/span><\/div><\/li><li class=\"\"><div class=\"sya_postcontent\"><span class=\"sya_date\">vendredi, mars 10 <span class=\"sya_sep\"> <\/span><\/span><a href=\"https:\/\/fpma-vincennes.fr\/index.php\/2023\/03\/10\/lectures-du-23-avril-2023\/\" class=\"sya_postlink post-2134\" rel=\"bookmark\">Lectures du 23 avril 2023<\/a> <span class=\"sya_author\">(par fpmavincennes)<\/span><\/div><\/li><li class=\"\"><div class=\"sya_postcontent\"><span class=\"sya_date\">vendredi, mars 10 <span class=\"sya_sep\"> <\/span><\/span><a href=\"https:\/\/fpma-vincennes.fr\/index.php\/2023\/03\/10\/lectures-du-16-avril-2023\/\" class=\"sya_postlink post-2132\" rel=\"bookmark\">Lectures du 16 avril 2023<\/a> <span class=\"sya_author\">(par fpmavincennes)<\/span><\/div><\/li><li class=\"\"><div class=\"sya_postcontent\"><span class=\"sya_date\">vendredi, mars 10 <span class=\"sya_sep\"> <\/span><\/span><a href=\"https:\/\/fpma-vincennes.fr\/index.php\/2023\/03\/10\/lectures-du-09-avril-2023\/\" class=\"sya_postlink post-2130\" rel=\"bookmark\">Lectures du 09 avril 2023<\/a> <span class=\"sya_author\">(par fpmavincennes)<\/span><\/div><\/li><li class=\"\"><div class=\"sya_postcontent\"><span class=\"sya_date\">vendredi, mars 10 <span class=\"sya_sep\"> <\/span><\/span><a href=\"https:\/\/fpma-vincennes.fr\/index.php\/2023\/03\/10\/lectures-du-07-avril-2023\/\" class=\"sya_postlink post-2128\" rel=\"bookmark\">Lectures du 07 avril 2023<\/a> <span class=\"sya_author\">(par fpmavincennes)<\/span><\/div><\/li><li class=\"\"><div class=\"sya_postcontent\"><span class=\"sya_date\">vendredi, mars 10 <span class=\"sya_sep\"> <\/span><\/span><a href=\"https:\/\/fpma-vincennes.fr\/index.php\/2023\/03\/10\/lectures-du-06-avril-2023\/\" class=\"sya_postlink post-2125\" rel=\"bookmark\">Lectures du 06 avril 2023<\/a> <span class=\"sya_author\">(par fpmavincennes)<\/span><\/div><\/li><li class=\"\"><div class=\"sya_postcontent\"><span class=\"sya_date\">vendredi, mars 10 <span class=\"sya_sep\"> <\/span><\/span><a href=\"https:\/\/fpma-vincennes.fr\/index.php\/2023\/03\/10\/lectures-du-02-avril-2023\/\" class=\"sya_postlink post-2121\" rel=\"bookmark\">Lectures du 02 avril 2023<\/a> <span class=\"sya_author\">(par fpmavincennes)<\/span><\/div><\/li><li class=\"\"><div class=\"sya_postcontent\"><span class=\"sya_date\">vendredi, mars 10 <span class=\"sya_sep\"> <\/span><\/span><a href=\"https:\/\/fpma-vincennes.fr\/index.php\/2023\/03\/10\/alim-bavaka-zoma-17-mars-2023\/\" class=\"sya_postlink post-2114\" rel=\"bookmark\">Alim-bavaka zoma 17 mars 2023<\/a> <span class=\"sya_author\">(par fpmavincennes)<\/span><\/div><\/li><li class=\"\"><div class=\"sya_postcontent\"><span class=\"sya_date\">vendredi, mars 3 <span class=\"sya_sep\"> <\/span><\/span><a href=\"https:\/\/fpma-vincennes.fr\/index.php\/2023\/03\/03\/fanateram-bokatra-voalohany-05-03-2023\/\" class=\"sya_postlink post-2106\" rel=\"bookmark\">Fanateram-bokatra voalohany 05\/03\/2023<\/a> <span class=\"sya_author\">(par fpmavincennes)<\/span><\/div><\/li><li class=\"\"><div class=\"sya_postcontent\"><span class=\"sya_date\">vendredi, f\u00e9vrier 24 <span class=\"sya_sep\"> <\/span><\/span><a href=\"https:\/\/fpma-vincennes.fr\/index.php\/2023\/02\/24\/lectures-du-26-mars-2023\/\" class=\"sya_postlink post-2097\" rel=\"bookmark\">Lectures du 26 mars 2023<\/a> <span class=\"sya_author\">(par fpmavincennes)<\/span><\/div><\/li><li class=\"\"><div class=\"sya_postcontent\"><span class=\"sya_date\">vendredi, f\u00e9vrier 24 <span class=\"sya_sep\"> <\/span><\/span><a href=\"https:\/\/fpma-vincennes.fr\/index.php\/2023\/02\/24\/lectures-du-19-mars-2023\/\" class=\"sya_postlink post-2095\" rel=\"bookmark\">Lectures du 19 mars 2023<\/a> <span class=\"sya_author\">(par fpmavincennes)<\/span><\/div><\/li><li class=\"\"><div class=\"sya_postcontent\"><span class=\"sya_date\">vendredi, f\u00e9vrier 24 <span class=\"sya_sep\"> <\/span><\/span><a href=\"https:\/\/fpma-vincennes.fr\/index.php\/2023\/02\/24\/lectures-du-12-mars-2023\/\" class=\"sya_postlink post-2093\" rel=\"bookmark\">Lectures du 12 mars 2023<\/a> <span class=\"sya_author\">(par fpmavincennes)<\/span><\/div><\/li><li class=\"\"><div class=\"sya_postcontent\"><span class=\"sya_date\">vendredi, f\u00e9vrier 24 <span class=\"sya_sep\"> <\/span><\/span><a href=\"https:\/\/fpma-vincennes.fr\/index.php\/2023\/02\/24\/lectures-du-05-mars-2023\/\" class=\"sya_postlink post-2091\" rel=\"bookmark\">Lectures du 05 mars 2023<\/a> <span class=\"sya_author\">(par fpmavincennes)<\/span><\/div><\/li><li class=\"\"><div class=\"sya_postcontent\"><span class=\"sya_date\">jeudi, f\u00e9vrier 23 <span class=\"sya_sep\"> <\/span><\/span><a href=\"https:\/\/fpma-vincennes.fr\/index.php\/2023\/02\/23\/etude-biblique-25-02-2023-a-18-h\/\" class=\"sya_postlink post-2084\" rel=\"bookmark\">Etude biblique 25\/02\/2023 \u00e0 18 h<\/a> <span class=\"sya_author\">(par fpmavincennes)<\/span><\/div><\/li><li class=\"\"><div class=\"sya_postcontent\"><span class=\"sya_date\">mercredi, f\u00e9vrier 15 <span class=\"sya_sep\"> <\/span><\/span><a href=\"https:\/\/fpma-vincennes.fr\/index.php\/2023\/02\/15\/alim-bavaka-zoma-17-02-2023\/\" class=\"sya_postlink post-2074\" rel=\"bookmark\">Alim-bavaka zoma 17\/02\/2023<\/a> <span class=\"sya_author\">(par fpmavincennes)<\/span><\/div><\/li><li class=\"\"><div class=\"sya_postcontent\"><span class=\"sya_date\">lundi, janvier 23 <span class=\"sya_sep\"> <\/span><\/span><a href=\"https:\/\/fpma-vincennes.fr\/index.php\/2023\/01\/23\/lectures-du-26-fevrier-2023\/\" class=\"sya_postlink post-2058\" rel=\"bookmark\">Lectures du 26 f\u00e9vrier 2023<\/a> <span class=\"sya_author\">(par fpmavincennes)<\/span><\/div><\/li><li class=\"\"><div class=\"sya_postcontent\"><span class=\"sya_date\">lundi, janvier 23 <span class=\"sya_sep\"> <\/span><\/span><a href=\"https:\/\/fpma-vincennes.fr\/index.php\/2023\/01\/23\/lectures-du-19-fevrier-2023\/\" class=\"sya_postlink post-2055\" rel=\"bookmark\">Lectures du 19 f\u00e9vrier 2023<\/a> <span class=\"sya_author\">(par fpmavincennes)<\/span><\/div><\/li><li class=\"\"><div class=\"sya_postcontent\"><span class=\"sya_date\">dimanche, janvier 22 <span class=\"sya_sep\"> <\/span><\/span><a href=\"https:\/\/fpma-vincennes.fr\/index.php\/2023\/01\/22\/lectures-du-12-fevrier-2023\/\" class=\"sya_postlink post-2053\" rel=\"bookmark\">Lectures du 12 f\u00e9vrier 2023<\/a> <span class=\"sya_author\">(par fpmavincennes)<\/span><\/div><\/li><li class=\"\"><div class=\"sya_postcontent\"><span class=\"sya_date\">dimanche, janvier 22 <span class=\"sya_sep\"> <\/span><\/span><a href=\"https:\/\/fpma-vincennes.fr\/index.php\/2023\/01\/22\/lectures-du-05-fevrier-2023\/\" class=\"sya_postlink post-2050\" rel=\"bookmark\">Lectures du 05 f\u00e9vrier 2023<\/a> <span class=\"sya_author\">(par fpmavincennes)<\/span><\/div><\/li><li class=\"\"><div class=\"sya_postcontent\"><span class=\"sya_date\">dimanche, janvier 22 <span class=\"sya_sep\"> <\/span><\/span><a href=\"https:\/\/fpma-vincennes.fr\/index.php\/2023\/01\/22\/etude-biblique-28-01-2023-a-18h\/\" class=\"sya_postlink post-2045\" rel=\"bookmark\">Etude biblique 28\/01\/2023 \u00e0 18h<\/a> <span class=\"sya_author\">(par fpmavincennes)<\/span><\/div><\/li><li class=\"\"><div class=\"sya_postcontent\"><span class=\"sya_date\">samedi, janvier 14 <span class=\"sya_sep\"> <\/span><\/span><a href=\"https:\/\/fpma-vincennes.fr\/index.php\/2023\/01\/14\/alim-bavaka-zoma-20-01-2023\/\" class=\"sya_postlink post-2032\" rel=\"bookmark\">Alim-bavaka zoma 20\/01\/2023<\/a> <span class=\"sya_author\">(par fpmavincennes)<\/span><\/div><\/li><li class=\"\"><div class=\"sya_postcontent\"><span class=\"sya_date\">mardi, janvier 10 <span class=\"sya_sep\"> <\/span><\/span><a href=\"https:\/\/fpma-vincennes.fr\/index.php\/2023\/01\/10\/fifampiarahabana-fafats\/\" class=\"sya_postlink post-2022\" rel=\"bookmark\">Fifampiarahabana FAFATS<\/a> <span class=\"sya_author\">(par fpmavincennes)<\/span><\/div><\/li><\/ul><a id=\"year2022\"><\/a>2022<ul><li class=\"\"><div class=\"sya_postcontent\"><span class=\"sya_date\">samedi, d\u00e9cembre 17 <span class=\"sya_sep\"> <\/span><\/span><a href=\"https:\/\/fpma-vincennes.fr\/index.php\/2022\/12\/17\/lectures-du-29-janvier-2023\/\" class=\"sya_postlink post-1989\" rel=\"bookmark\">Lectures du 29 janvier 2023<\/a> <span class=\"sya_author\">(par fpmavincennes)<\/span><\/div><\/li><li class=\"\"><div class=\"sya_postcontent\"><span class=\"sya_date\">samedi, d\u00e9cembre 17 <span class=\"sya_sep\"> <\/span><\/span><a href=\"https:\/\/fpma-vincennes.fr\/index.php\/2022\/12\/17\/lectures-du-22-janvier-2023\/\" class=\"sya_postlink post-1985\" rel=\"bookmark\">Lectures du 22 janvier 2023<\/a> <span class=\"sya_author\">(par fpmavincennes)<\/span><\/div><\/li><li class=\"\"><div class=\"sya_postcontent\"><span class=\"sya_date\">samedi, d\u00e9cembre 17 <span class=\"sya_sep\"> <\/span><\/span><a href=\"https:\/\/fpma-vincennes.fr\/index.php\/2022\/12\/17\/lectures-du-15-janvier-2023\/\" class=\"sya_postlink post-1982\" rel=\"bookmark\">Lectures du 15 janvier 2023<\/a> <span class=\"sya_author\">(par fpmavincennes)<\/span><\/div><\/li><li class=\"\"><div class=\"sya_postcontent\"><span class=\"sya_date\">samedi, d\u00e9cembre 17 <span class=\"sya_sep\"> <\/span><\/span><a href=\"https:\/\/fpma-vincennes.fr\/index.php\/2022\/12\/17\/lectures-du-08-janvier-2023\/\" class=\"sya_postlink post-1980\" rel=\"bookmark\">Lectures du 08 janvier 2023<\/a> <span class=\"sya_author\">(par fpmavincennes)<\/span><\/div><\/li><li class=\"\"><div class=\"sya_postcontent\"><span class=\"sya_date\">samedi, d\u00e9cembre 17 <span class=\"sya_sep\"> <\/span><\/span><a href=\"https:\/\/fpma-vincennes.fr\/index.php\/2022\/12\/17\/lectures-du-25-decembre-2022\/\" class=\"sya_postlink post-1973\" rel=\"bookmark\">Lectures du 25 d\u00e9cembre 2022<\/a> <span class=\"sya_author\">(par fpmavincennes)<\/span><\/div><\/li><li class=\"\"><div class=\"sya_postcontent\"><span class=\"sya_date\">samedi, d\u00e9cembre 17 <span class=\"sya_sep\"> <\/span><\/span><a href=\"https:\/\/fpma-vincennes.fr\/index.php\/2022\/12\/17\/lectures-du-01-janvier-2023\/\" class=\"sya_postlink post-1659\" rel=\"bookmark\">Lectures du 01 janvier 2023<\/a> <span class=\"sya_author\">(par fpmavincennes)<\/span><\/div><\/li><li class=\"\"><div class=\"sya_postcontent\"><span class=\"sya_date\">dimanche, novembre 27 <span class=\"sya_sep\"> <\/span><\/span><a href=\"https:\/\/fpma-vincennes.fr\/index.php\/2022\/11\/27\/lectures-du-18-decembre-2022\/\" class=\"sya_postlink post-1956\" rel=\"bookmark\">Lectures du 18 d\u00e9cembre 2022<\/a> <span class=\"sya_author\">(par fpmavincennes)<\/span><\/div><\/li><li class=\"\"><div class=\"sya_postcontent\"><span class=\"sya_date\">dimanche, novembre 27 <span class=\"sya_sep\"> <\/span><\/span><a href=\"https:\/\/fpma-vincennes.fr\/index.php\/2022\/11\/27\/lectures-du-11-decembre-2022\/\" class=\"sya_postlink post-1954\" rel=\"bookmark\">Lectures du 11 d\u00e9cembre 2022<\/a> <span class=\"sya_author\">(par fpmavincennes)<\/span><\/div><\/li><li class=\"\"><div class=\"sya_postcontent\"><span class=\"sya_date\">dimanche, novembre 27 <span class=\"sya_sep\"> <\/span><\/span><a href=\"https:\/\/fpma-vincennes.fr\/index.php\/2022\/11\/27\/lectures-du-04-decembre-2022\/\" class=\"sya_postlink post-1952\" rel=\"bookmark\">Lectures du 04 decembre 2022<\/a> <span class=\"sya_author\">(par fpmavincennes)<\/span><\/div><\/li><li class=\"\"><div class=\"sya_postcontent\"><span class=\"sya_date\">dimanche, novembre 27 <span class=\"sya_sep\"> <\/span><\/span><a href=\"https:\/\/fpma-vincennes.fr\/index.php\/2022\/11\/27\/lectures-du-27-novembre-2022\/\" class=\"sya_postlink post-1949\" rel=\"bookmark\">Lectures du 27 novembre 2022<\/a> <span class=\"sya_author\">(par fpmavincennes)<\/span><\/div><\/li><li class=\"\"><div class=\"sya_postcontent\"><span class=\"sya_date\">samedi, novembre 26 <span class=\"sya_sep\"> <\/span><\/span><a href=\"https:\/\/fpma-vincennes.fr\/index.php\/2022\/11\/26\/etude-biblique-26-novembre-a-18h00\/\" class=\"sya_postlink post-1295\" rel=\"bookmark\">Etude biblique 26 novembre \u00e0 18h00<\/a> <span class=\"sya_author\">(par fpmavincennes)<\/span><\/div><\/li><li class=\"\"><div class=\"sya_postcontent\"><span class=\"sya_date\">mardi, mai 17 <span class=\"sya_sep\"> <\/span><\/span><a href=\"https:\/\/fpma-vincennes.fr\/index.php\/2022\/05\/17\/rencontre-pastorale-svk-le-samedi-4-juin\/\" class=\"sya_postlink post-1889\" rel=\"bookmark\">Rencontre Pastorale SVK le samedi 4 juin<\/a> <span class=\"sya_author\">(par fpmavincennes)<\/span><\/div><\/li><li class=\"\"><div class=\"sya_postcontent\"><span class=\"sya_date\">samedi, avril 30 <span class=\"sya_sep\"> <\/span><\/span><a href=\"https:\/\/fpma-vincennes.fr\/index.php\/2022\/04\/30\/lectures-du-dimanche-1er-mai-2o22\/\" class=\"sya_postlink post-1868\" rel=\"bookmark\">Lectures du dimanche 1er mai 2O22<\/a> <span class=\"sya_author\">(par fpmavincennes)<\/span><\/div><\/li><li class=\"\"><div class=\"sya_postcontent\"><span class=\"sya_date\">vendredi, avril 1 <span class=\"sya_sep\"> <\/span><\/span><a href=\"https:\/\/fpma-vincennes.fr\/index.php\/2022\/04\/01\/iktus\/\" class=\"sya_postlink post-1849\" rel=\"bookmark\">IKTUS<\/a> <span class=\"sya_author\">(par fpmavincennes)<\/span><\/div><\/li><li class=\"\"><div class=\"sya_postcontent\"><span class=\"sya_date\">vendredi, mars 18 <span class=\"sya_sep\"> <\/span><\/span><a href=\"https:\/\/fpma-vincennes.fr\/index.php\/2022\/03\/18\/un-enfant-de-dieu\/\" class=\"sya_postlink post-1830\" rel=\"bookmark\">Je suis fier d&rsquo;\u00eatre enfant de Dieu !<\/a> <span class=\"sya_author\">(par fpmavincennes)<\/span><\/div><\/li><li class=\"\"><div class=\"sya_postcontent\"><span class=\"sya_date\">vendredi, mars 18 <span class=\"sya_sep\"> <\/span><\/span><a href=\"https:\/\/fpma-vincennes.fr\/index.php\/2022\/03\/18\/la-priere\/\" class=\"sya_postlink post-1826\" rel=\"bookmark\">La pri\u00e8re<\/a> <span class=\"sya_author\">(par fpmavincennes)<\/span><\/div><\/li><li class=\"\"><div class=\"sya_postcontent\"><span class=\"sya_date\">mercredi, mars 9 <span class=\"sya_sep\"> <\/span><\/span><a href=\"https:\/\/fpma-vincennes.fr\/index.php\/2022\/03\/09\/etude-biblique-le-12-mars-2022\/\" class=\"sya_postlink post-1818\" rel=\"bookmark\">Etude biblique le 12 mars 2022<\/a> <span class=\"sya_author\">(par fpmavincennes)<\/span><\/div><\/li><li class=\"\"><div class=\"sya_postcontent\"><span class=\"sya_date\">mardi, mars 1 <span class=\"sya_sep\"> <\/span><\/span><a href=\"https:\/\/fpma-vincennes.fr\/index.php\/2022\/03\/01\/lectures-du-20-mars-2022\/\" class=\"sya_postlink post-1806\" rel=\"bookmark\">Lectures du 20 mars 2022<\/a> <span class=\"sya_author\">(par fpmavincennes)<\/span><\/div><\/li><li class=\"\"><div class=\"sya_postcontent\"><span class=\"sya_date\">mardi, mars 1 <span class=\"sya_sep\"> <\/span><\/span><a href=\"https:\/\/fpma-vincennes.fr\/index.php\/2022\/03\/01\/lectures-du-06-mars-2022\/\" class=\"sya_postlink post-1803\" rel=\"bookmark\">Lectures du 06 mars 2022<\/a> <span class=\"sya_author\">(par fpmavincennes)<\/span><\/div><\/li><li class=\"\"><div class=\"sya_postcontent\"><span class=\"sya_date\">mardi, mars 1 <span class=\"sya_sep\"> <\/span><\/span><a href=\"https:\/\/fpma-vincennes.fr\/index.php\/2022\/03\/01\/lectures-du-13-mars-2022\/\" class=\"sya_postlink post-1798\" rel=\"bookmark\">Lectures du 13 mars 2022<\/a> <span class=\"sya_author\">(par fpmavincennes)<\/span><\/div><\/li><li class=\"\"><div class=\"sya_postcontent\"><span class=\"sya_date\">mardi, mars 1 <span class=\"sya_sep\"> <\/span><\/span><a href=\"https:\/\/fpma-vincennes.fr\/index.php\/2022\/03\/01\/lectures-du-27-mars-2022\/\" class=\"sya_postlink post-1791\" rel=\"bookmark\">Lectures du 27 mars 2022<\/a> <span class=\"sya_author\">(par fpmavincennes)<\/span><\/div><\/li><li class=\"\"><div class=\"sya_postcontent\"><span class=\"sya_date\">jeudi, f\u00e9vrier 17 <span class=\"sya_sep\"> <\/span><\/span><a href=\"https:\/\/fpma-vincennes.fr\/index.php\/2022\/02\/17\/la-vie\/\" class=\"sya_postlink post-1780\" rel=\"bookmark\">La vie<\/a> <span class=\"sya_author\">(par fpmavincennes)<\/span><\/div><\/li><li class=\"\"><div class=\"sya_postcontent\"><span class=\"sya_date\">mercredi, f\u00e9vrier 2 <span class=\"sya_sep\"> <\/span><\/span><a href=\"https:\/\/fpma-vincennes.fr\/index.php\/2022\/02\/02\/filazana-manjo-atoa-rabe-edouard-faire-part\/\" class=\"sya_postlink post-1742\" rel=\"bookmark\">FILAZANA MANJO Atoa RABE Edouard &#8211; Faire-part<\/a> <span class=\"sya_author\">(par fpmavincennes)<\/span><\/div><\/li><li class=\"\"><div class=\"sya_postcontent\"><span class=\"sya_date\">mercredi, f\u00e9vrier 2 <span class=\"sya_sep\"> <\/span><\/span><a href=\"https:\/\/fpma-vincennes.fr\/index.php\/2022\/02\/02\/filazana-manjo-atoa-rabe-edouard\/\" class=\"sya_postlink post-1737\" rel=\"bookmark\">FILAZANA MANJO Atoa RABE Edouard<\/a> <span class=\"sya_author\">(par fpmavincennes)<\/span><\/div><\/li><li class=\"\"><div class=\"sya_postcontent\"><span class=\"sya_date\">mercredi, f\u00e9vrier 2 <span class=\"sya_sep\"> <\/span><\/span><a href=\"https:\/\/fpma-vincennes.fr\/index.php\/2022\/02\/02\/filazana-manjo-rtoa-rasoamanantenafinaritra-jeanine-esther\/\" class=\"sya_postlink post-1733\" rel=\"bookmark\">FILAZANA MANJO Rtoa RASOAMANANTENAFINARITRA Jeanine Esther<\/a> <span class=\"sya_author\">(par fpmavincennes)<\/span><\/div><\/li><li class=\"\"><div class=\"sya_postcontent\"><span class=\"sya_date\">dimanche, janvier 30 <span class=\"sya_sep\"> <\/span><\/span><a href=\"https:\/\/fpma-vincennes.fr\/index.php\/2022\/01\/30\/relation-dieu-homme\/\" class=\"sya_postlink post-1707\" rel=\"bookmark\">Relation Dieu Homme<\/a> <span class=\"sya_author\">(par fpmavincennes)<\/span><\/div><\/li><li class=\"\"><div class=\"sya_postcontent\"><span class=\"sya_date\">dimanche, janvier 30 <span class=\"sya_sep\"> <\/span><\/span><a href=\"https:\/\/fpma-vincennes.fr\/index.php\/2022\/01\/30\/bonne-nouvelle\/\" class=\"sya_postlink post-1701\" rel=\"bookmark\">Bonne nouvelle<\/a> <span class=\"sya_author\">(par fpmavincennes)<\/span><\/div><\/li><li class=\"\"><div class=\"sya_postcontent\"><span class=\"sya_date\">lundi, janvier 24 <span class=\"sya_sep\"> <\/span><\/span><a href=\"https:\/\/fpma-vincennes.fr\/index.php\/2022\/01\/24\/fotoam-pivavahana-fafats-asabotsy-29-janoary-2022\/\" class=\"sya_postlink post-1677\" rel=\"bookmark\">FANASANA FAFATS 29\/01\/2022<\/a> <span class=\"sya_author\">(par fpmavincennes)<\/span><\/div><\/li><li class=\"\"><div class=\"sya_postcontent\"><span class=\"sya_date\">samedi, janvier 22 <span class=\"sya_sep\"> <\/span><\/span><a href=\"https:\/\/fpma-vincennes.fr\/index.php\/2022\/01\/22\/fotoam-pivavahana-fafats-29-01-2022\/\" class=\"sya_postlink post-1670\" rel=\"bookmark\">FOTOAM-PIVAVAHANA FAFATS 29\/01\/2022<\/a> <span class=\"sya_author\">(par fpmavincennes)<\/span><\/div><\/li><li class=\"\"><div class=\"sya_postcontent\"><span class=\"sya_date\">samedi, janvier 15 <span class=\"sya_sep\"> <\/span><\/span><a href=\"https:\/\/fpma-vincennes.fr\/index.php\/2022\/01\/15\/lectures-du-27-fevrier-2022\/\" class=\"sya_postlink post-1662\" rel=\"bookmark\">Lectures du 27 f\u00e9vrier 2022<\/a> <span class=\"sya_author\">(par fpmavincennes)<\/span><\/div><\/li><li class=\"\"><div class=\"sya_postcontent\"><span class=\"sya_date\">samedi, janvier 15 <span class=\"sya_sep\"> <\/span><\/span><a href=\"https:\/\/fpma-vincennes.fr\/index.php\/2022\/01\/15\/lectures-du-13-fevrier-2022\/\" class=\"sya_postlink post-1656\" rel=\"bookmark\">Lectures du 13 f\u00e9vrier 2022<\/a> <span class=\"sya_author\">(par fpmavincennes)<\/span><\/div><\/li><li class=\"\"><div class=\"sya_postcontent\"><span class=\"sya_date\">samedi, janvier 15 <span class=\"sya_sep\"> <\/span><\/span><a href=\"https:\/\/fpma-vincennes.fr\/index.php\/2022\/01\/15\/lectures-du-06-fevrier-2022\/\" class=\"sya_postlink post-1646\" rel=\"bookmark\">Lectures du 06 f\u00e9vrier 2022<\/a> <span class=\"sya_author\">(par fpmavincennes)<\/span><\/div><\/li><li class=\"\"><div class=\"sya_postcontent\"><span class=\"sya_date\">samedi, janvier 8 <span class=\"sya_sep\"> <\/span><\/span><a href=\"https:\/\/fpma-vincennes.fr\/index.php\/2022\/01\/08\/etude-biblique-le-08-01-2022\/\" class=\"sya_postlink post-1633\" rel=\"bookmark\">Etude biblique le 08\/01\/2022<\/a> <span class=\"sya_author\">(par fpmavincennes)<\/span><\/div><\/li><\/ul><a id=\"year2021\"><\/a>2021<ul><li class=\"\"><div class=\"sya_postcontent\"><span class=\"sya_date\">jeudi, d\u00e9cembre 30 <span class=\"sya_sep\"> <\/span><\/span><a href=\"https:\/\/fpma-vincennes.fr\/index.php\/2021\/12\/30\/lectures-du-dimanche-30-janvier\/\" class=\"sya_postlink post-1621\" rel=\"bookmark\">Lectures du dimanche 30 janvier<\/a> <span class=\"sya_author\">(par fpmavincennes)<\/span><\/div><\/li><li class=\"\"><div class=\"sya_postcontent\"><span class=\"sya_date\">jeudi, d\u00e9cembre 30 <span class=\"sya_sep\"> <\/span><\/span><a href=\"https:\/\/fpma-vincennes.fr\/index.php\/2021\/12\/30\/lectures-du-dimanche-23-janvier\/\" class=\"sya_postlink post-1618\" rel=\"bookmark\">Lectures du dimanche 23 janvier<\/a> <span class=\"sya_author\">(par fpmavincennes)<\/span><\/div><\/li><li class=\"\"><div class=\"sya_postcontent\"><span class=\"sya_date\">jeudi, d\u00e9cembre 30 <span class=\"sya_sep\"> <\/span><\/span><a href=\"https:\/\/fpma-vincennes.fr\/index.php\/2021\/12\/30\/lectures-du-dimanche-16-janvier\/\" class=\"sya_postlink post-1613\" rel=\"bookmark\">Lectures du dimanche 16 janvier<\/a> <span class=\"sya_author\">(par fpmavincennes)<\/span><\/div><\/li><li class=\"\"><div class=\"sya_postcontent\"><span class=\"sya_date\">jeudi, d\u00e9cembre 30 <span class=\"sya_sep\"> <\/span><\/span><a href=\"https:\/\/fpma-vincennes.fr\/index.php\/2021\/12\/30\/lectures-du-dimanche-09-janvier\/\" class=\"sya_postlink post-1610\" rel=\"bookmark\">Lectures du dimanche 09 janvier<\/a> <span class=\"sya_author\">(par fpmavincennes)<\/span><\/div><\/li><li class=\"\"><div class=\"sya_postcontent\"><span class=\"sya_date\">jeudi, d\u00e9cembre 30 <span class=\"sya_sep\"> <\/span><\/span><a href=\"https:\/\/fpma-vincennes.fr\/index.php\/2021\/12\/30\/lectures-du-dimanche-02-janvier\/\" class=\"sya_postlink post-1607\" rel=\"bookmark\">Lectures du dimanche 02 janvier<\/a> <span class=\"sya_author\">(par fpmavincennes)<\/span><\/div><\/li><li class=\"\"><div class=\"sya_postcontent\"><span class=\"sya_date\">jeudi, d\u00e9cembre 2 <span class=\"sya_sep\"> <\/span><\/span><a href=\"https:\/\/fpma-vincennes.fr\/index.php\/2021\/12\/02\/noel-des-associations-malgaches\/\" class=\"sya_postlink post-1568\" rel=\"bookmark\">No\u00ebl des associations malgaches<\/a> <span class=\"sya_author\">(par fpmavincennes)<\/span><\/div><\/li><li class=\"\"><div class=\"sya_postcontent\"><span class=\"sya_date\">mercredi, novembre 10 <span class=\"sya_sep\"> <\/span><\/span><a href=\"https:\/\/fpma-vincennes.fr\/index.php\/2021\/11\/10\/lectures-du-dimanche-26-decembre\/\" class=\"sya_postlink post-1551\" rel=\"bookmark\">Lectures du dimanche 26 d\u00e9cembre<\/a> <span class=\"sya_author\">(par fpmavincennes)<\/span><\/div><\/li><li class=\"\"><div class=\"sya_postcontent\"><span class=\"sya_date\">mercredi, novembre 10 <span class=\"sya_sep\"> <\/span><\/span><a href=\"https:\/\/fpma-vincennes.fr\/index.php\/2021\/11\/10\/lectures-du-samedi-25-decembre-noel\/\" class=\"sya_postlink post-1548\" rel=\"bookmark\">Lectures du samedi 25 d\u00e9cembre No\u00ebl<\/a> <span class=\"sya_author\">(par fpmavincennes)<\/span><\/div><\/li><li class=\"\"><div class=\"sya_postcontent\"><span class=\"sya_date\">mercredi, novembre 10 <span class=\"sya_sep\"> <\/span><\/span><a href=\"https:\/\/fpma-vincennes.fr\/index.php\/2021\/11\/10\/lectures-veillees-de-noel\/\" class=\"sya_postlink post-1545\" rel=\"bookmark\">Lectures veill\u00e9es de No\u00ebl<\/a> <span class=\"sya_author\">(par fpmavincennes)<\/span><\/div><\/li><li class=\"\"><div class=\"sya_postcontent\"><span class=\"sya_date\">mercredi, novembre 10 <span class=\"sya_sep\"> <\/span><\/span><a href=\"https:\/\/fpma-vincennes.fr\/index.php\/2021\/11\/10\/lectures-du-dimanche-19-decembre\/\" class=\"sya_postlink post-1542\" rel=\"bookmark\">Lectures du dimanche 19 d\u00e9cembre<\/a> <span class=\"sya_author\">(par fpmavincennes)<\/span><\/div><\/li><li class=\"\"><div class=\"sya_postcontent\"><span class=\"sya_date\">mercredi, novembre 10 <span class=\"sya_sep\"> <\/span><\/span><a href=\"https:\/\/fpma-vincennes.fr\/index.php\/2021\/11\/10\/lectures-du-dimanche-12-decembre\/\" class=\"sya_postlink post-1539\" rel=\"bookmark\">Lectures du dimanche 12 d\u00e9cembre<\/a> <span class=\"sya_author\">(par fpmavincennes)<\/span><\/div><\/li><li class=\"\"><div class=\"sya_postcontent\"><span class=\"sya_date\">mercredi, novembre 10 <span class=\"sya_sep\"> <\/span><\/span><a href=\"https:\/\/fpma-vincennes.fr\/index.php\/2021\/11\/10\/lectures-du-dimanche-05-decembre\/\" class=\"sya_postlink post-1533\" rel=\"bookmark\">Lectures du dimanche 05 d\u00e9cembre<\/a> <span class=\"sya_author\">(par fpmavincennes)<\/span><\/div><\/li><li class=\"\"><div class=\"sya_postcontent\"><span class=\"sya_date\">samedi, novembre 6 <span class=\"sya_sep\"> <\/span><\/span><a href=\"https:\/\/fpma-vincennes.fr\/index.php\/2021\/11\/06\/fetim-piangonana-20-novembre-2021\/\" class=\"sya_postlink post-1529\" rel=\"bookmark\">FETIM-PIANGONANA 20 NOVEMBRE 2021<\/a> <span class=\"sya_author\">(par fpmavincennes)<\/span><\/div><\/li><li class=\"\"><div class=\"sya_postcontent\"><span class=\"sya_date\">samedi, novembre 6 <span class=\"sya_sep\"> <\/span><\/span><a href=\"https:\/\/fpma-vincennes.fr\/index.php\/2021\/11\/06\/lectures-du-dimanche-28-novembre\/\" class=\"sya_postlink post-1518\" rel=\"bookmark\">Lectures du dimanche 28 novembre<\/a> <span class=\"sya_author\">(par fpmavincennes)<\/span><\/div><\/li><li class=\"\"><div class=\"sya_postcontent\"><span class=\"sya_date\">samedi, novembre 6 <span class=\"sya_sep\"> <\/span><\/span><a href=\"https:\/\/fpma-vincennes.fr\/index.php\/2021\/11\/06\/lectures-du-dimanche-14-novembre\/\" class=\"sya_postlink post-1514\" rel=\"bookmark\">Lectures du dimanche 14 novembre<\/a> <span class=\"sya_author\">(par fpmavincennes)<\/span><\/div><\/li><li class=\"\"><div class=\"sya_postcontent\"><span class=\"sya_date\">samedi, novembre 6 <span class=\"sya_sep\"> <\/span><\/span><a href=\"https:\/\/fpma-vincennes.fr\/index.php\/2021\/11\/06\/lectures-du-dimanche-07-novembre\/\" class=\"sya_postlink post-1510\" rel=\"bookmark\">Lectures du dimanche 07 novembre<\/a> <span class=\"sya_author\">(par fpmavincennes)<\/span><\/div><\/li><li class=\"\"><div class=\"sya_postcontent\"><span class=\"sya_date\">dimanche, octobre 10 <span class=\"sya_sep\"> <\/span><\/span><a href=\"https:\/\/fpma-vincennes.fr\/index.php\/2021\/10\/10\/filazana-manjo-tohiny\/\" class=\"sya_postlink post-1487\" rel=\"bookmark\">FILAZANA MANJO (tohiny)<\/a> <span class=\"sya_author\">(par fpmavincennes)<\/span><\/div><\/li><li class=\"\"><div class=\"sya_postcontent\"><span class=\"sya_date\">samedi, octobre 9 <span class=\"sya_sep\"> <\/span><\/span><a href=\"https:\/\/fpma-vincennes.fr\/index.php\/2021\/10\/09\/lectures-du-dimanche-21-novembre\/\" class=\"sya_postlink post-1483\" rel=\"bookmark\">Lectures du dimanche 21 novembre<\/a> <span class=\"sya_author\">(par fpmavincennes)<\/span><\/div><\/li><li class=\"\"><div class=\"sya_postcontent\"><span class=\"sya_date\">samedi, octobre 9 <span class=\"sya_sep\"> <\/span><\/span><a href=\"https:\/\/fpma-vincennes.fr\/index.php\/2021\/10\/09\/lectures-du-dimanche-24-octobre\/\" class=\"sya_postlink post-1480\" rel=\"bookmark\">Lectures du dimanche 24 octobre<\/a> <span class=\"sya_author\">(par fpmavincennes)<\/span><\/div><\/li><li class=\"\"><div class=\"sya_postcontent\"><span class=\"sya_date\">samedi, octobre 9 <span class=\"sya_sep\"> <\/span><\/span><a href=\"https:\/\/fpma-vincennes.fr\/index.php\/2021\/10\/09\/lectures-du-dimanche-17-octobre\/\" class=\"sya_postlink post-1477\" rel=\"bookmark\">Lectures du dimanche 17 octobre<\/a> <span class=\"sya_author\">(par fpmavincennes)<\/span><\/div><\/li><li class=\"\"><div class=\"sya_postcontent\"><span class=\"sya_date\">samedi, octobre 9 <span class=\"sya_sep\"> <\/span><\/span><a href=\"https:\/\/fpma-vincennes.fr\/index.php\/2021\/10\/09\/lectures-du-dimanche-10-octobre\/\" class=\"sya_postlink post-1473\" rel=\"bookmark\">Lectures du dimanche 10 octobre<\/a> <span class=\"sya_author\">(par fpmavincennes)<\/span><\/div><\/li><li class=\"\"><div class=\"sya_postcontent\"><span class=\"sya_date\">samedi, septembre 4 <span class=\"sya_sep\"> <\/span><\/span><a href=\"https:\/\/fpma-vincennes.fr\/index.php\/2021\/09\/04\/lectures-du-dimanche-26-septembre\/\" class=\"sya_postlink post-1448\" rel=\"bookmark\">Lectures du dimanche 26 septembre<\/a> <span class=\"sya_author\">(par fpmavincennes)<\/span><\/div><\/li><li class=\"\"><div class=\"sya_postcontent\"><span class=\"sya_date\">samedi, septembre 4 <span class=\"sya_sep\"> <\/span><\/span><a href=\"https:\/\/fpma-vincennes.fr\/index.php\/2021\/09\/04\/lectures-du-dimanche-19-septembre\/\" class=\"sya_postlink post-1444\" rel=\"bookmark\">Lectures du dimanche 19 septembre<\/a> <span class=\"sya_author\">(par fpmavincennes)<\/span><\/div><\/li><li class=\"\"><div class=\"sya_postcontent\"><span class=\"sya_date\">samedi, septembre 4 <span class=\"sya_sep\"> <\/span><\/span><a href=\"https:\/\/fpma-vincennes.fr\/index.php\/2021\/09\/04\/lectures-du-dimanche-12-septembre\/\" class=\"sya_postlink post-1441\" rel=\"bookmark\">Lectures du dimanche 12 septembre<\/a> <span class=\"sya_author\">(par fpmavincennes)<\/span><\/div><\/li><li class=\"\"><div class=\"sya_postcontent\"><span class=\"sya_date\">samedi, septembre 4 <span class=\"sya_sep\"> <\/span><\/span><a href=\"https:\/\/fpma-vincennes.fr\/index.php\/2021\/09\/04\/lectures-du-dimanche-05-septembre\/\" class=\"sya_postlink post-1437\" rel=\"bookmark\">Lectures du dimanche 05 septembre<\/a> <span class=\"sya_author\">(par fpmavincennes)<\/span><\/div><\/li><li class=\"\"><div class=\"sya_postcontent\"><span class=\"sya_date\">vendredi, ao\u00fbt 13 <span class=\"sya_sep\"> <\/span><\/span><a href=\"https:\/\/fpma-vincennes.fr\/index.php\/2021\/08\/13\/etude-biblique-14-aout\/\" class=\"sya_postlink post-1412\" rel=\"bookmark\">ETUDE BIBLIQUE 14 AOUT<\/a> <span class=\"sya_author\">(par fpmavincennes)<\/span><\/div><\/li><li class=\"\"><div class=\"sya_postcontent\"><span class=\"sya_date\">jeudi, ao\u00fbt 5 <span class=\"sya_sep\"> <\/span><\/span><a href=\"https:\/\/fpma-vincennes.fr\/index.php\/2021\/08\/05\/fankalazana-fahafolo-taona\/\" class=\"sya_postlink post-1394\" rel=\"bookmark\">FANKALAZANA FAHAFOLO TAONA<\/a> <span class=\"sya_author\">(par fpmavincennes)<\/span><\/div><\/li><li class=\"\"><div class=\"sya_postcontent\"><span class=\"sya_date\">samedi, juillet 3 <span class=\"sya_sep\"> <\/span><\/span><a href=\"https:\/\/fpma-vincennes.fr\/index.php\/2021\/07\/03\/lectures-du-dimanche-29-aout\/\" class=\"sya_postlink post-1366\" rel=\"bookmark\">Lectures du dimanche 29 ao\u00fbt<\/a> <span class=\"sya_author\">(par fpmavincennes)<\/span><\/div><\/li><li class=\"\"><div class=\"sya_postcontent\"><span class=\"sya_date\">samedi, juillet 3 <span class=\"sya_sep\"> <\/span><\/span><a href=\"https:\/\/fpma-vincennes.fr\/index.php\/2021\/07\/03\/lectures-du-dimanche-22-aout\/\" class=\"sya_postlink post-1363\" rel=\"bookmark\">Lectures du dimanche 22 ao\u00fbt<\/a> <span class=\"sya_author\">(par fpmavincennes)<\/span><\/div><\/li><li class=\"\"><div class=\"sya_postcontent\"><span class=\"sya_date\">samedi, juillet 3 <span class=\"sya_sep\"> <\/span><\/span><a href=\"https:\/\/fpma-vincennes.fr\/index.php\/2021\/07\/03\/lectures-du-dimanche-15-aout\/\" class=\"sya_postlink post-1360\" rel=\"bookmark\">Lectures du dimanche 15 ao\u00fbt<\/a> <span class=\"sya_author\">(par fpmavincennes)<\/span><\/div><\/li><li class=\"\"><div class=\"sya_postcontent\"><span class=\"sya_date\">samedi, juillet 3 <span class=\"sya_sep\"> <\/span><\/span><a href=\"https:\/\/fpma-vincennes.fr\/index.php\/2021\/07\/03\/lectures-du-dimanche-08-aout\/\" class=\"sya_postlink post-1357\" rel=\"bookmark\">Lectures du dimanche 08 ao\u00fbt<\/a> <span class=\"sya_author\">(par fpmavincennes)<\/span><\/div><\/li><li class=\"\"><div class=\"sya_postcontent\"><span class=\"sya_date\">samedi, juillet 3 <span class=\"sya_sep\"> <\/span><\/span><a href=\"https:\/\/fpma-vincennes.fr\/index.php\/2021\/07\/03\/lectures-du-dimanche-01-aout\/\" class=\"sya_postlink post-1354\" rel=\"bookmark\">Lectures du dimanche 01 ao\u00fbt<\/a> <span class=\"sya_author\">(par fpmavincennes)<\/span><\/div><\/li><li class=\"\"><div class=\"sya_postcontent\"><span class=\"sya_date\">samedi, juillet 3 <span class=\"sya_sep\"> <\/span><\/span><a href=\"https:\/\/fpma-vincennes.fr\/index.php\/2021\/07\/03\/lectures-du-dimanche-25-juillet\/\" class=\"sya_postlink post-1351\" rel=\"bookmark\">Lectures du dimanche 25 juillet<\/a> <span class=\"sya_author\">(par fpmavincennes)<\/span><\/div><\/li><li class=\"\"><div class=\"sya_postcontent\"><span class=\"sya_date\">samedi, juillet 3 <span class=\"sya_sep\"> <\/span><\/span><a href=\"https:\/\/fpma-vincennes.fr\/index.php\/2021\/07\/03\/lectures-du-dimanche-18-juillet\/\" class=\"sya_postlink post-1348\" rel=\"bookmark\">Lectures du dimanche 18 juillet<\/a> <span class=\"sya_author\">(par fpmavincennes)<\/span><\/div><\/li><li class=\"\"><div class=\"sya_postcontent\"><span class=\"sya_date\">samedi, juillet 3 <span class=\"sya_sep\"> <\/span><\/span><a href=\"https:\/\/fpma-vincennes.fr\/index.php\/2021\/07\/03\/lectures-du-dimanche-11-juillet\/\" class=\"sya_postlink post-1345\" rel=\"bookmark\">Lectures du dimanche 11 juillet<\/a> <span class=\"sya_author\">(par fpmavincennes)<\/span><\/div><\/li><li class=\"\"><div class=\"sya_postcontent\"><span class=\"sya_date\">samedi, juillet 3 <span class=\"sya_sep\"> <\/span><\/span><a href=\"https:\/\/fpma-vincennes.fr\/index.php\/2021\/07\/03\/lectures-du-dimanche-04-juillet\/\" class=\"sya_postlink post-1340\" rel=\"bookmark\">Lectures du dimanche 04 juillet<\/a> <span class=\"sya_author\">(par fpmavincennes)<\/span><\/div><\/li><li class=\"\"><div class=\"sya_postcontent\"><span class=\"sya_date\">jeudi, juin 24 <span class=\"sya_sep\"> <\/span><\/span><a href=\"https:\/\/fpma-vincennes.fr\/index.php\/2021\/06\/24\/fitsangatsanganana-26-06-2021\/\" class=\"sya_postlink post-1332\" rel=\"bookmark\">FITSANGATSANGANANA 26\/06\/2021<\/a> <span class=\"sya_author\">(par fpmavincennes)<\/span><\/div><\/li><li class=\"\"><div class=\"sya_postcontent\"><span class=\"sya_date\">mardi, juin 15 <span class=\"sya_sep\"> <\/span><\/span><a href=\"https:\/\/fpma-vincennes.fr\/index.php\/2021\/06\/15\/recensement-2021\/\" class=\"sya_postlink post-1317\" rel=\"bookmark\">RECENSEMENT 2021<\/a> <span class=\"sya_author\">(par fpmavincennes)<\/span><\/div><\/li><li class=\"\"><div class=\"sya_postcontent\"><span class=\"sya_date\">mardi, juin 15 <span class=\"sya_sep\"> <\/span><\/span><a href=\"https:\/\/fpma-vincennes.fr\/index.php\/2021\/06\/15\/concert-szm-fafats\/\" class=\"sya_postlink post-1312\" rel=\"bookmark\">CONCERT SZM FAFATS<\/a> <span class=\"sya_author\">(par fpmavincennes)<\/span><\/div><\/li><li class=\"\"><div class=\"sya_postcontent\"><span class=\"sya_date\">samedi, juin 12 <span class=\"sya_sep\"> <\/span><\/span><a href=\"https:\/\/fpma-vincennes.fr\/index.php\/2021\/06\/12\/vaomiera-faha-10-taona-fpma-vincennes\/\" class=\"sya_postlink post-1306\" rel=\"bookmark\">VAOMIERA FAHA 10 TAONA FPMA VINCENNES<\/a> <span class=\"sya_author\">(par fpmavincennes)<\/span><\/div><\/li><li class=\"\"><div class=\"sya_postcontent\"><span class=\"sya_date\">vendredi, juin 11 <span class=\"sya_sep\"> <\/span><\/span><a href=\"https:\/\/fpma-vincennes.fr\/index.php\/2021\/06\/11\/lectures-du-dimanche-27-juin\/\" class=\"sya_postlink post-1286\" rel=\"bookmark\">Lectures du dimanche 27 juin<\/a> <span class=\"sya_author\">(par fpmavincennes)<\/span><\/div><\/li><li class=\"\"><div class=\"sya_postcontent\"><span class=\"sya_date\">vendredi, juin 11 <span class=\"sya_sep\"> <\/span><\/span><a href=\"https:\/\/fpma-vincennes.fr\/index.php\/2021\/06\/11\/lectures-du-dimanche-20-juin\/\" class=\"sya_postlink post-1283\" rel=\"bookmark\">Lectures du dimanche 20 juin<\/a> <span class=\"sya_author\">(par fpmavincennes)<\/span><\/div><\/li><li class=\"\"><div class=\"sya_postcontent\"><span class=\"sya_date\">vendredi, juin 11 <span class=\"sya_sep\"> <\/span><\/span><a href=\"https:\/\/fpma-vincennes.fr\/index.php\/2021\/06\/11\/lectures-du-dimanche-13-juin\/\" class=\"sya_postlink post-1280\" rel=\"bookmark\">Lectures du dimanche 13 juin<\/a> <span class=\"sya_author\">(par fpmavincennes)<\/span><\/div><\/li><li class=\"\"><div class=\"sya_postcontent\"><span class=\"sya_date\">vendredi, juin 11 <span class=\"sya_sep\"> <\/span><\/span><a href=\"https:\/\/fpma-vincennes.fr\/index.php\/2021\/06\/11\/filazana-manjo-rtoa-ranorovololona-randrianambahy-arline\/\" class=\"sya_postlink post-1271\" rel=\"bookmark\">FILAZANA MANJO RTOA RANOROVOLOLONA RANDRIANAMBAHY Arline<\/a> <span class=\"sya_author\">(par fpmavincennes)<\/span><\/div><\/li><li class=\"\"><div class=\"sya_postcontent\"><span class=\"sya_date\">jeudi, juin 3 <span class=\"sya_sep\"> <\/span><\/span><a href=\"https:\/\/fpma-vincennes.fr\/index.php\/2021\/06\/03\/lectures-du-dimanche-06-juin\/\" class=\"sya_postlink post-1254\" rel=\"bookmark\">Lectures du dimanche 06 juin<\/a> <span class=\"sya_author\">(par fpmavincennes)<\/span><\/div><\/li><li class=\"\"><div class=\"sya_postcontent\"><span class=\"sya_date\">jeudi, mai 27 <span class=\"sya_sep\"> <\/span><\/span><a href=\"https:\/\/fpma-vincennes.fr\/index.php\/2021\/05\/27\/lectures-du-dimanche-30-mai\/\" class=\"sya_postlink post-1233\" rel=\"bookmark\">Lectures du dimanche 30 mai<\/a> <span class=\"sya_author\">(par fpmavincennes)<\/span><\/div><\/li><li class=\"\"><div class=\"sya_postcontent\"><span class=\"sya_date\">jeudi, mai 27 <span class=\"sya_sep\"> <\/span><\/span><a href=\"https:\/\/fpma-vincennes.fr\/index.php\/2021\/05\/27\/fiofanana-fafats-gestion-des-conflits-jeudi-27-mai-a-21h\/\" class=\"sya_postlink post-1229\" rel=\"bookmark\">Fiofanana Fafats \u00ab\u00a0Gestion des conflits\u00a0\u00bb &#8211; jeudi 27 mai \u00e0 21h<\/a> <span class=\"sya_author\">(par fpmavincennes)<\/span><\/div><\/li><li class=\"\"><div class=\"sya_postcontent\"><span class=\"sya_date\">jeudi, mai 20 <span class=\"sya_sep\"> <\/span><\/span><a href=\"https:\/\/fpma-vincennes.fr\/index.php\/2021\/05\/20\/etude-biblique-le-22-mai-a-19h\/\" class=\"sya_postlink post-1213\" rel=\"bookmark\">Etude biblique le 22 mai \u00e0 19h<\/a> <span class=\"sya_author\">(par fpmavincennes)<\/span><\/div><\/li><li class=\"\"><div class=\"sya_postcontent\"><span class=\"sya_date\">jeudi, mai 20 <span class=\"sya_sep\"> <\/span><\/span><a href=\"https:\/\/fpma-vincennes.fr\/index.php\/2021\/05\/20\/lectures-du-dimanche-23-mai\/\" class=\"sya_postlink post-1205\" rel=\"bookmark\">Lectures du dimanche 23 mai<\/a> <span class=\"sya_author\">(par fpmavincennes)<\/span><\/div><\/li><li class=\"\"><div class=\"sya_postcontent\"><span class=\"sya_date\">samedi, mai 15 <span class=\"sya_sep\"> <\/span><\/span><a href=\"https:\/\/fpma-vincennes.fr\/index.php\/2021\/05\/15\/festival-rnszm-2021\/\" class=\"sya_postlink post-1193\" rel=\"bookmark\">Festival RNSZM 2021<\/a> <span class=\"sya_author\">(par fpmavincennes)<\/span><\/div><\/li><li class=\"\"><div class=\"sya_postcontent\"><span class=\"sya_date\">samedi, mai 15 <span class=\"sya_sep\"> <\/span><\/span><a href=\"https:\/\/fpma-vincennes.fr\/index.php\/2021\/05\/15\/ag-stk-jubile-20eme\/\" class=\"sya_postlink post-1186\" rel=\"bookmark\">AG STK &#8211; Jubil\u00e9 20\u00e8me<\/a> <span class=\"sya_author\">(par fpmavincennes)<\/span><\/div><\/li><li class=\"\"><div class=\"sya_postcontent\"><span class=\"sya_date\">vendredi, mai 14 <span class=\"sya_sep\"> <\/span><\/span><a href=\"https:\/\/fpma-vincennes.fr\/index.php\/2021\/05\/14\/avis-de-deces-rtoa-rakotoarimanana-lalaosoa\/\" class=\"sya_postlink post-1182\" rel=\"bookmark\">Avis de d\u00e9c\u00e8s Rtoa RAKOTOARIMANANA Lalaosoa<\/a> <span class=\"sya_author\">(par fpmavincennes)<\/span><\/div><\/li><li class=\"\"><div class=\"sya_postcontent\"><span class=\"sya_date\">jeudi, mai 13 <span class=\"sya_sep\"> <\/span><\/span><a href=\"https:\/\/fpma-vincennes.fr\/index.php\/2021\/05\/13\/lectures-du-dimanche-16-mai\/\" class=\"sya_postlink post-1170\" rel=\"bookmark\">Lectures du dimanche 16 mai<\/a> <span class=\"sya_author\">(par fpmavincennes)<\/span><\/div><\/li><li class=\"\"><div class=\"sya_postcontent\"><span class=\"sya_date\">mardi, mai 11 <span class=\"sya_sep\"> <\/span><\/span><a href=\"https:\/\/fpma-vincennes.fr\/index.php\/2021\/05\/11\/lectures-du-dimanche-09-mai\/\" class=\"sya_postlink post-1160\" rel=\"bookmark\">Lectures du dimanche 09 mai<\/a> <span class=\"sya_author\">(par fpmavincennes)<\/span><\/div><\/li><li class=\"\"><div class=\"sya_postcontent\"><span class=\"sya_date\">mardi, mai 11 <span class=\"sya_sep\"> <\/span><\/span><a href=\"https:\/\/fpma-vincennes.fr\/index.php\/2021\/05\/11\/lectures-du-dimanche-02-mai\/\" class=\"sya_postlink post-1150\" rel=\"bookmark\">Lectures du dimanche 02 mai<\/a> <span class=\"sya_author\">(par fpmavincennes)<\/span><\/div><\/li><li class=\"\"><div class=\"sya_postcontent\"><span class=\"sya_date\">mercredi, mai 5 <span class=\"sya_sep\"> <\/span><\/span><a href=\"https:\/\/fpma-vincennes.fr\/index.php\/2021\/05\/05\/etude-biblique-le-08-mai-a-19h\/\" class=\"sya_postlink post-1111\" rel=\"bookmark\">ETUDE BIBLIQUE LE 08 MAI A 19H<\/a> <span class=\"sya_author\">(par fpmavincennes)<\/span><\/div><\/li><li class=\"\"><div class=\"sya_postcontent\"><span class=\"sya_date\">jeudi, avril 29 <span class=\"sya_sep\"> <\/span><\/span><a href=\"https:\/\/fpma-vincennes.fr\/index.php\/2021\/04\/29\/avis-de-deces-andriatsaramanantsoa-robert\/\" class=\"sya_postlink post-1099\" rel=\"bookmark\">Avis de d\u00e9c\u00e8s ANDRIATSARAMANANTSOA Robert<\/a> <span class=\"sya_author\">(par Editeur FpmaVincennes)<\/span><\/div><\/li><li class=\"\"><div class=\"sya_postcontent\"><span class=\"sya_date\">jeudi, avril 29 <span class=\"sya_sep\"> <\/span><\/span><a href=\"https:\/\/fpma-vincennes.fr\/index.php\/2021\/04\/29\/avis-de-deces-robinson-marthe\/\" class=\"sya_postlink post-1095\" rel=\"bookmark\">Avis de d\u00e9c\u00e8s ROBINSON Marthe<\/a> <span class=\"sya_author\">(par Editeur FpmaVincennes)<\/span><\/div><\/li><li class=\"\"><div class=\"sya_postcontent\"><span class=\"sya_date\">jeudi, avril 22 <span class=\"sya_sep\"> <\/span><\/span><a href=\"https:\/\/fpma-vincennes.fr\/index.php\/2021\/04\/22\/lectures-du-dimanche-25-avril\/\" class=\"sya_postlink post-1086\" rel=\"bookmark\">Lectures du dimanche 25 avril<\/a> <span class=\"sya_author\">(par Editeur FpmaVincennes)<\/span><\/div><\/li><li class=\"\"><div class=\"sya_postcontent\"><span class=\"sya_date\">mercredi, avril 21 <span class=\"sya_sep\"> <\/span><\/span><a href=\"https:\/\/fpma-vincennes.fr\/index.php\/2021\/04\/21\/etude-biblique-le-24-avril-a-19h\/\" class=\"sya_postlink post-1075\" rel=\"bookmark\">Etude biblique le 24 avril \u00e0 19h<\/a> <span class=\"sya_author\">(par Editeur FpmaVincennes)<\/span><\/div><\/li><li class=\"\"><div class=\"sya_postcontent\"><span class=\"sya_date\">vendredi, avril 16 <span class=\"sya_sep\"> <\/span><\/span><a href=\"https:\/\/fpma-vincennes.fr\/index.php\/2021\/04\/16\/lectures-du-dimanche-18-04-2021\/\" class=\"sya_postlink post-1031\" rel=\"bookmark\">Lectures du dimanche 18 avril<\/a> <span class=\"sya_author\">(par Contributeur FpmaVincennes)<\/span><\/div><\/li><li class=\"\"><div class=\"sya_postcontent\"><span class=\"sya_date\">mercredi, avril 14 <span class=\"sya_sep\"> <\/span><\/span><a href=\"https:\/\/fpma-vincennes.fr\/index.php\/2021\/04\/14\/programme-e-rnt-2021\/\" class=\"sya_postlink post-957\" rel=\"bookmark\">Programme e-RNT 2.0<\/a> <span class=\"sya_author\">(par fpmavincennes)<\/span><\/div><\/li><li class=\"\"><div class=\"sya_postcontent\"><span class=\"sya_date\">mercredi, avril 14 <span class=\"sya_sep\"> <\/span><\/span><a href=\"https:\/\/fpma-vincennes.fr\/index.php\/2021\/04\/14\/programme-e-rnsa\/\" class=\"sya_postlink post-929\" rel=\"bookmark\">Programme e-RNSA 2021<\/a> <span class=\"sya_author\">(par fpmavincennes)<\/span><\/div><\/li><li class=\"\"><div class=\"sya_postcontent\"><span class=\"sya_date\">jeudi, avril 8 <span class=\"sya_sep\"> <\/span><\/span><a href=\"https:\/\/fpma-vincennes.fr\/index.php\/2021\/04\/08\/formation-fafats\/\" class=\"sya_postlink post-914\" rel=\"bookmark\">Formation FAFATS sur gestion des conflits le jeudi 15 avril \u00e0 21h<\/a> <span class=\"sya_author\">(par fpmavincennes)<\/span><\/div><\/li><li class=\"\"><div class=\"sya_postcontent\"><span class=\"sya_date\">jeudi, avril 8 <span class=\"sya_sep\"> <\/span><\/span><a href=\"https:\/\/fpma-vincennes.fr\/index.php\/2021\/04\/08\/culte-daction-de-grace\/\" class=\"sya_postlink post-905\" rel=\"bookmark\">Culte d\u2019action de gr\u00e2ce de feu Mr RAKOTOARIVONY Narisson Jamu\u00ebl<\/a> <span class=\"sya_author\">(par fpmavincennes)<\/span><\/div><\/li><li class=\"\"><div class=\"sya_postcontent\"><span class=\"sya_date\">mercredi, avril 7 <span class=\"sya_sep\"> <\/span><\/span><a href=\"https:\/\/fpma-vincennes.fr\/index.php\/2021\/04\/07\/programme-de-la-semaine\/\" class=\"sya_postlink post-885\" rel=\"bookmark\">Programme de la semaine du 05 au 11 avril<\/a> <span class=\"sya_author\">(par fpmavincennes)<\/span><\/div><\/li><li class=\"\"><div class=\"sya_postcontent\"><span class=\"sya_date\">mercredi, avril 7 <span class=\"sya_sep\"> <\/span><\/span><a href=\"https:\/\/fpma-vincennes.fr\/index.php\/2021\/04\/07\/etude-biblique-le-10-avril\/\" class=\"sya_postlink post-893\" rel=\"bookmark\">Etude biblique le 10 avril \u00e0 19h<\/a> <span class=\"sya_author\">(par fpmavincennes)<\/span><\/div><\/li><li class=\"\"><div class=\"sya_postcontent\"><span class=\"sya_date\">mercredi, avril 7 <span class=\"sya_sep\"> <\/span><\/span><a href=\"https:\/\/fpma-vincennes.fr\/index.php\/2021\/04\/07\/culte-fafats-le-8-avril-a-20h30\/\" class=\"sya_postlink post-880\" rel=\"bookmark\">Culte Fafats le 8 avril \u00e0 20h30<\/a> <span class=\"sya_author\">(par fpmavincennes)<\/span><\/div><\/li><li class=\"\"><div class=\"sya_postcontent\"><span class=\"sya_date\">mercredi, avril 7 <span class=\"sya_sep\"> <\/span><\/span><a href=\"https:\/\/fpma-vincennes.fr\/index.php\/2021\/04\/07\/avis-de-deces\/\" class=\"sya_postlink post-877\" rel=\"bookmark\">Avis de d\u00e9c\u00e8s RAKOTOARIVONY Narisson Jamu\u00ebl<\/a> <span class=\"sya_author\">(par fpmavincennes)<\/span><\/div><\/li><li class=\"\"><div class=\"sya_postcontent\"><span class=\"sya_date\">mardi, avril 6 <span class=\"sya_sep\"> <\/span><\/span><a href=\"https:\/\/fpma-vincennes.fr\/index.php\/2021\/04\/06\/cultes-fafats\/\" class=\"sya_postlink post-864\" rel=\"bookmark\">Calendrier Cultes FAFATS d&rsquo;avril \u00e0 la Pentec\u00f4te<\/a> <span class=\"sya_author\">(par Contributeur FpmaVincennes)<\/span><\/div><\/li><li class=\"\"><div class=\"sya_postcontent\"><span class=\"sya_date\">mercredi, mars 31 <span class=\"sya_sep\"> <\/span><\/span><a href=\"https:\/\/fpma-vincennes.fr\/index.php\/2021\/03\/31\/video-10-eme-anniversaire\/\" class=\"sya_postlink post-837\" rel=\"bookmark\">Vid\u00e9o 10 \u00e8me anniversaire<\/a> <span class=\"sya_author\">(par fpmavincennes)<\/span><\/div><\/li><li class=\"\"><div class=\"sya_postcontent\"><span class=\"sya_date\">lundi, mars 29 <span class=\"sya_sep\"> <\/span><\/span><a href=\"https:\/\/fpma-vincennes.fr\/index.php\/2021\/03\/29\/semaine-sainte\/\" class=\"sya_postlink post-795\" rel=\"bookmark\">Semaine sainte<\/a> <span class=\"sya_author\">(par fpmavincennes)<\/span><\/div><\/li><li class=\"\"><div class=\"sya_postcontent\"><span class=\"sya_date\">jeudi, mars 4 <span class=\"sya_sep\"> <\/span><\/span><a href=\"https:\/\/fpma-vincennes.fr\/index.php\/2021\/03\/04\/gestion-de-conflit\/\" class=\"sya_postlink post-785\" rel=\"bookmark\">Gestion des conflits<\/a> <span class=\"sya_author\">(par fpmavincennes)<\/span><\/div><\/li><li class=\"\"><div class=\"sya_postcontent\"><span class=\"sya_date\">jeudi, mars 4 <span class=\"sya_sep\"> <\/span><\/span><a href=\"https:\/\/fpma-vincennes.fr\/index.php\/2021\/03\/04\/le-danger-des-sectes\/\" class=\"sya_postlink post-781\" rel=\"bookmark\">Le danger des sectes<\/a> <span class=\"sya_author\">(par fpmavincennes)<\/span><\/div><\/li><\/ul><a id=\"year2020\"><\/a>2020<ul><li class=\"\"><div class=\"sya_postcontent\"><span class=\"sya_date\">mardi, d\u00e9cembre 1 <span class=\"sya_sep\"> <\/span><\/span><a href=\"https:\/\/fpma-vincennes.fr\/index.php\/2020\/12\/01\/christ-seul-2\/\" class=\"sya_postlink post-731\" rel=\"bookmark\">Christ seul<\/a> <span class=\"sya_author\">(par fpmavincennes)<\/span><\/div><\/li><li class=\"\"><div class=\"sya_postcontent\"><span class=\"sya_date\">vendredi, novembre 27 <span class=\"sya_sep\"> <\/span><\/span><a href=\"https:\/\/fpma-vincennes.fr\/index.php\/2020\/11\/27\/le-bapteme\/\" class=\"sya_postlink post-718\" rel=\"bookmark\">Le bapt\u00eame<\/a> <span class=\"sya_author\">(par fpmavincennes)<\/span><\/div><\/li><li class=\"\"><div class=\"sya_postcontent\"><span class=\"sya_date\">samedi, novembre 21 <span class=\"sya_sep\"> <\/span><\/span><a href=\"https:\/\/fpma-vincennes.fr\/index.php\/2020\/11\/21\/dimanche-fifohazana-et-sft\/\" class=\"sya_postlink post-683\" rel=\"bookmark\">Dimanche Fifohazana et SFT<\/a> <span class=\"sya_author\">(par fpmavincennes)<\/span><\/div><\/li><li class=\"\"><div class=\"sya_postcontent\"><span class=\"sya_date\">lundi, novembre 16 <span class=\"sya_sep\"> <\/span><\/span><a href=\"https:\/\/fpma-vincennes.fr\/index.php\/2020\/11\/16\/nabandonnons-pas-notre-assemblee-2\/\" class=\"sya_postlink post-660\" rel=\"bookmark\">\u00ab\u00a0N\u2019abandonnons pas notre assembl\u00e9e\u00a0\u00bb (2)<\/a> <span class=\"sya_author\">(par fpmavincennes)<\/span><\/div><\/li><li class=\"\"><div class=\"sya_postcontent\"><span class=\"sya_date\">lundi, novembre 16 <span class=\"sya_sep\"> <\/span><\/span><a href=\"https:\/\/fpma-vincennes.fr\/index.php\/2020\/11\/16\/nous-sommes-temoins-de-levangile\/\" class=\"sya_postlink post-656\" rel=\"bookmark\">Nous sommes t\u00e9moins de l\u2019Evangile !<\/a> <span class=\"sya_author\">(par fpmavincennes)<\/span><\/div><\/li><li class=\"\"><div class=\"sya_postcontent\"><span class=\"sya_date\">lundi, novembre 16 <span class=\"sya_sep\"> <\/span><\/span><a href=\"https:\/\/fpma-vincennes.fr\/index.php\/2020\/11\/16\/les-anciens-editos\/\" class=\"sya_postlink post-642\" rel=\"bookmark\">Les anciens \u00e9ditos<\/a> <span class=\"sya_author\">(par fpmavincennes)<\/span><\/div><\/li><li class=\"\"><div class=\"sya_postcontent\"><span class=\"sya_date\">vendredi, octobre 23 <span class=\"sya_sep\"> <\/span><\/span><a href=\"https:\/\/fpma-vincennes.fr\/index.php\/2020\/10\/23\/dimanche-de-la-section-jeune\/\" class=\"sya_postlink post-584\" rel=\"bookmark\">Dimanche de la Section Jeune<\/a> <span class=\"sya_author\">(par fpmavincennes)<\/span><\/div><\/li><li class=\"\"><div class=\"sya_postcontent\"><span class=\"sya_date\">mardi, octobre 6 <span class=\"sya_sep\"> <\/span><\/span><a href=\"https:\/\/fpma-vincennes.fr\/index.php\/2020\/10\/06\/nos-10-ans\/\" class=\"sya_postlink post-592\" rel=\"bookmark\">Nos 10 ans<\/a> <span class=\"sya_author\">(par fpmavincennes)<\/span><\/div><\/li><li class=\"\"><div class=\"sya_postcontent\"><span class=\"sya_date\">mardi, octobre 6 <span class=\"sya_sep\"> <\/span><\/span><a href=\"https:\/\/fpma-vincennes.fr\/index.php\/2020\/10\/06\/vokatra\/\" class=\"sya_postlink post-589\" rel=\"bookmark\">Vokatra<\/a> <span class=\"sya_author\">(par fpmavincennes)<\/span><\/div><\/li><li class=\"\"><div class=\"sya_postcontent\"><span class=\"sya_date\">lundi, mai 11 <span class=\"sya_sep\"> <\/span><\/span><a href=\"https:\/\/fpma-vincennes.fr\/index.php\/2020\/05\/11\/eglise-vivante\/\" class=\"sya_postlink post-375\" rel=\"bookmark\">\u00c9glise vivante<\/a> <span class=\"sya_author\">(par fpmavincennes)<\/span><\/div><\/li><li class=\"\"><div class=\"sya_postcontent\"><span class=\"sya_date\">mardi, avril 28 <span class=\"sya_sep\"> <\/span><\/span><a href=\"https:\/\/fpma-vincennes.fr\/index.php\/2020\/04\/28\/temoignage-tem\/\" class=\"sya_postlink post-175\" rel=\"bookmark\">T\u00e9moignage<\/a> <span class=\"sya_author\">(par fpmavincennes)<\/span><\/div><\/li><li class=\"\"><div class=\"sya_postcontent\"><span class=\"sya_date\">mardi, avril 28 <span class=\"sya_sep\"> <\/span><\/span><a href=\"https:\/\/fpma-vincennes.fr\/index.php\/2020\/04\/28\/slider-accueil-sld\/\" class=\"sya_postlink post-125\" rel=\"bookmark\">Slider Accueil<\/a> <span class=\"sya_author\">(par fpmavincennes)<\/span><\/div><\/li><\/ul><\/div>\n","protected":false},"excerpt":{"rendered":"<p>Vous trouverez ci-dessous l&rsquo;archive de tous les articles publi\u00e9s :<\/p>\n","protected":false},"author":1,"featured_media":0,"parent":0,"menu_order":0,"comment_status":"closed","ping_status":"closed","template":"","meta":{"inline_featured_image":false,"footnotes":""},"class_list":["post-32","page","type-page","status-publish","hentry"],"_links":{"self":[{"href":"https:\/\/fpma-vincennes.fr\/index.php\/wp-json\/wp\/v2\/pages\/32","targetHints":{"allow":["GET"]}}],"collection":[{"href":"https:\/\/fpma-vincennes.fr\/index.php\/wp-json\/wp\/v2\/pages"}],"about":[{"href":"https:\/\/fpma-vincennes.fr\/index.php\/wp-json\/wp\/v2\/types\/page"}],"author":[{"embeddable":true,"href":"https:\/\/fpma-vincennes.fr\/index.php\/wp-json\/wp\/v2\/users\/1"}],"replies":[{"embeddable":true,"href":"https:\/\/fpma-vincennes.fr\/index.php\/wp-json\/wp\/v2\/comments?post=32"}],"version-history":[{"count":8,"href":"https:\/\/fpma-vincennes.fr\/index.php\/wp-json\/wp\/v2\/pages\/32\/revisions"}],"predecessor-version":[{"id":1028,"href":"https:\/\/fpma-vincennes.fr\/index.php\/wp-json\/wp\/v2\/pages\/32\/revisions\/1028"}],"wp:attachment":[{"href":"https:\/\/fpma-vincennes.fr\/index.php\/wp-json\/wp\/v2\/media?parent=32"}],"curies":[{"name":"wp","href":"https:\/\/api.w.org\/{rel}","templated":true}]}}